{"id":333,"date":"2022-12-23T19:11:31","date_gmt":"2022-12-23T19:11:31","guid":{"rendered":"http:\/\/danielgarcia.ar\/?page_id=333"},"modified":"2023-02-08T12:31:35","modified_gmt":"2023-02-08T12:31:35","slug":"bio-cv","status":"publish","type":"page","link":"https:\/\/danielgarcia.ar\/?page_id=333","title":{"rendered":"Bio"},"content":{"rendered":"\t\t<div data-elementor-type=\"wp-page\" data-elementor-id=\"333\" class=\"elementor elementor-333\">\n\t\t\t\t\t\t\t\t\t<section class=\"elementor-section elementor-top-section elementor-element elementor-element-3a6d285 elementor-section-full_width elementor-section-items-top elementor-section-height-full elementor-section-height-default\" data-id=\"3a6d285\" data-element_type=\"section\">\n\t\t\t\t\t\t<div class=\"elementor-container elementor-column-gap-default\">\n\t\t\t\t\t<div class=\"elementor-column elementor-col-50 elementor-top-column elementor-element elementor-element-7dd7bd9f elementor-hidden-tablet elementor-hidden-mobile\" data-id=\"7dd7bd9f\" data-element_type=\"column\">\n\t\t\t<div class=\"elementor-widget-wrap elementor-element-populated\">\n\t\t\t\t\t\t\t\t<div class=\"elementor-element elementor-element-448f8691 elementor-hidden-tablet elementor-hidden-mobile elementor-widget elementor-widget-spacer\" data-id=\"448f8691\" data-element_type=\"widget\" data-widget_type=\"spacer.default\">\n\t\t\t\t<div class=\"elementor-widget-container\">\n\t\t\t<style>\/*! elementor - v3.10.2 - 29-01-2023 *\/\n.elementor-column .elementor-spacer-inner{height:var(--spacer-size)}.e-con{--container-widget-width:100%}.e-con-inner>.elementor-widget-spacer,.e-con>.elementor-widget-spacer{width:var(--container-widget-width,var(--spacer-size));--align-self:var(--container-widget-align-self,initial);--flex-shrink:0}.e-con-inner>.elementor-widget-spacer>.elementor-widget-container,.e-con-inner>.elementor-widget-spacer>.elementor-widget-container>.elementor-spacer,.e-con>.elementor-widget-spacer>.elementor-widget-container,.e-con>.elementor-widget-spacer>.elementor-widget-container>.elementor-spacer{height:100%}.e-con-inner>.elementor-widget-spacer>.elementor-widget-container>.elementor-spacer>.elementor-spacer-inner,.e-con>.elementor-widget-spacer>.elementor-widget-container>.elementor-spacer>.elementor-spacer-inner{height:var(--container-widget-height,var(--spacer-size))}<\/style>\t\t<div class=\"elementor-spacer\">\n\t\t\t<div class=\"elementor-spacer-inner\"><\/div>\n\t\t<\/div>\n\t\t\t\t<\/div>\n\t\t\t\t<\/div>\n\t\t\t\t<div class=\"elementor-element elementor-element-5fd2d5c5 elementor-shape-circle elementor-grid-1 e-grid-align-left elementor-widget__width-inherit elementor-fixed elementor-hidden-tablet elementor-hidden-mobile elementor-widget elementor-widget-social-icons\" data-id=\"5fd2d5c5\" data-element_type=\"widget\" data-settings=\"{&quot;_position&quot;:&quot;fixed&quot;}\" data-widget_type=\"social-icons.default\">\n\t\t\t\t<div class=\"elementor-widget-container\">\n\t\t\t<style>\/*! elementor - v3.10.2 - 29-01-2023 *\/\n.elementor-widget-social-icons.elementor-grid-0 .elementor-widget-container,.elementor-widget-social-icons.elementor-grid-mobile-0 .elementor-widget-container,.elementor-widget-social-icons.elementor-grid-tablet-0 .elementor-widget-container{line-height:1;font-size:0}.elementor-widget-social-icons:not(.elementor-grid-0):not(.elementor-grid-tablet-0):not(.elementor-grid-mobile-0) .elementor-grid{display:inline-grid}.elementor-widget-social-icons .elementor-grid{grid-column-gap:var(--grid-column-gap,5px);grid-row-gap:var(--grid-row-gap,5px);grid-template-columns:var(--grid-template-columns);justify-content:var(--justify-content,center);justify-items:var(--justify-content,center)}.elementor-icon.elementor-social-icon{font-size:var(--icon-size,25px);line-height:var(--icon-size,25px);width:calc(var(--icon-size, 25px) + (2 * var(--icon-padding, .5em)));height:calc(var(--icon-size, 25px) + (2 * var(--icon-padding, .5em)))}.elementor-social-icon{--e-social-icon-icon-color:#fff;display:inline-flex;background-color:#818a91;align-items:center;justify-content:center;text-align:center;cursor:pointer}.elementor-social-icon i{color:var(--e-social-icon-icon-color)}.elementor-social-icon svg{fill:var(--e-social-icon-icon-color)}.elementor-social-icon:last-child{margin:0}.elementor-social-icon:hover{opacity:.9;color:#fff}.elementor-social-icon-android{background-color:#a4c639}.elementor-social-icon-apple{background-color:#999}.elementor-social-icon-behance{background-color:#1769ff}.elementor-social-icon-bitbucket{background-color:#205081}.elementor-social-icon-codepen{background-color:#000}.elementor-social-icon-delicious{background-color:#39f}.elementor-social-icon-deviantart{background-color:#05cc47}.elementor-social-icon-digg{background-color:#005be2}.elementor-social-icon-dribbble{background-color:#ea4c89}.elementor-social-icon-elementor{background-color:#d30c5c}.elementor-social-icon-envelope{background-color:#ea4335}.elementor-social-icon-facebook,.elementor-social-icon-facebook-f{background-color:#3b5998}.elementor-social-icon-flickr{background-color:#0063dc}.elementor-social-icon-foursquare{background-color:#2d5be3}.elementor-social-icon-free-code-camp,.elementor-social-icon-freecodecamp{background-color:#006400}.elementor-social-icon-github{background-color:#333}.elementor-social-icon-gitlab{background-color:#e24329}.elementor-social-icon-globe{background-color:#818a91}.elementor-social-icon-google-plus,.elementor-social-icon-google-plus-g{background-color:#dd4b39}.elementor-social-icon-houzz{background-color:#7ac142}.elementor-social-icon-instagram{background-color:#262626}.elementor-social-icon-jsfiddle{background-color:#487aa2}.elementor-social-icon-link{background-color:#818a91}.elementor-social-icon-linkedin,.elementor-social-icon-linkedin-in{background-color:#0077b5}.elementor-social-icon-medium{background-color:#00ab6b}.elementor-social-icon-meetup{background-color:#ec1c40}.elementor-social-icon-mixcloud{background-color:#273a4b}.elementor-social-icon-odnoklassniki{background-color:#f4731c}.elementor-social-icon-pinterest{background-color:#bd081c}.elementor-social-icon-product-hunt{background-color:#da552f}.elementor-social-icon-reddit{background-color:#ff4500}.elementor-social-icon-rss{background-color:#f26522}.elementor-social-icon-shopping-cart{background-color:#4caf50}.elementor-social-icon-skype{background-color:#00aff0}.elementor-social-icon-slideshare{background-color:#0077b5}.elementor-social-icon-snapchat{background-color:#fffc00}.elementor-social-icon-soundcloud{background-color:#f80}.elementor-social-icon-spotify{background-color:#2ebd59}.elementor-social-icon-stack-overflow{background-color:#fe7a15}.elementor-social-icon-steam{background-color:#00adee}.elementor-social-icon-stumbleupon{background-color:#eb4924}.elementor-social-icon-telegram{background-color:#2ca5e0}.elementor-social-icon-thumb-tack{background-color:#1aa1d8}.elementor-social-icon-tripadvisor{background-color:#589442}.elementor-social-icon-tumblr{background-color:#35465c}.elementor-social-icon-twitch{background-color:#6441a5}.elementor-social-icon-twitter{background-color:#1da1f2}.elementor-social-icon-viber{background-color:#665cac}.elementor-social-icon-vimeo{background-color:#1ab7ea}.elementor-social-icon-vk{background-color:#45668e}.elementor-social-icon-weibo{background-color:#dd2430}.elementor-social-icon-weixin{background-color:#31a918}.elementor-social-icon-whatsapp{background-color:#25d366}.elementor-social-icon-wordpress{background-color:#21759b}.elementor-social-icon-xing{background-color:#026466}.elementor-social-icon-yelp{background-color:#af0606}.elementor-social-icon-youtube{background-color:#cd201f}.elementor-social-icon-500px{background-color:#0099e5}.elementor-shape-rounded .elementor-icon.elementor-social-icon{border-radius:10%}.elementor-shape-circle .elementor-icon.elementor-social-icon{border-radius:50%}<\/style>\t\t<div class=\"elementor-social-icons-wrapper elementor-grid\">\n\t\t\t\t\t\t\t<span class=\"elementor-grid-item\">\n\t\t\t\t\t<a class=\"elementor-icon elementor-social-icon elementor-social-icon-blogger elementor-animation-grow elementor-repeater-item-da0bd42\" href=\"https:\/\/daniel-garcia.blogspot.com\/\" target=\"_blank\">\n\t\t\t\t\t\t<span class=\"elementor-screen-only\">Blogger<\/span>\n\t\t\t\t\t\t<i class=\"fab fa-blogger\"><\/i>\t\t\t\t\t<\/a>\n\t\t\t\t<\/span>\n\t\t\t\t\t\t\t<span class=\"elementor-grid-item\">\n\t\t\t\t\t<a class=\"elementor-icon elementor-social-icon elementor-social-icon-vimeo elementor-animation-grow elementor-repeater-item-a67932a\" href=\"https:\/\/vimeo.com\/danielgarcia001\" target=\"_blank\">\n\t\t\t\t\t\t<span class=\"elementor-screen-only\">Vimeo<\/span>\n\t\t\t\t\t\t<i class=\"fab fa-vimeo\"><\/i>\t\t\t\t\t<\/a>\n\t\t\t\t<\/span>\n\t\t\t\t\t\t\t<span class=\"elementor-grid-item\">\n\t\t\t\t\t<a class=\"elementor-icon elementor-social-icon elementor-social-icon-facebook-square elementor-animation-grow elementor-repeater-item-02dc36f\" href=\"https:\/\/www.facebook.com\/D.G.Argentina\/\" target=\"_blank\">\n\t\t\t\t\t\t<span class=\"elementor-screen-only\">Facebook-square<\/span>\n\t\t\t\t\t\t<i class=\"fab fa-facebook-square\"><\/i>\t\t\t\t\t<\/a>\n\t\t\t\t<\/span>\n\t\t\t\t\t\t\t<span class=\"elementor-grid-item\">\n\t\t\t\t\t<a class=\"elementor-icon elementor-social-icon elementor-social-icon-instagram elementor-animation-grow elementor-repeater-item-64d575d\" href=\"https:\/\/www.instagram.com\/danielgarcia1958\/\" target=\"_blank\">\n\t\t\t\t\t\t<span class=\"elementor-screen-only\">Instagram<\/span>\n\t\t\t\t\t\t<i class=\"fab fa-instagram\"><\/i>\t\t\t\t\t<\/a>\n\t\t\t\t<\/span>\n\t\t\t\t\t\t\t<span class=\"elementor-grid-item\">\n\t\t\t\t\t<a class=\"elementor-icon elementor-social-icon elementor-social-icon-bandcamp elementor-animation-grow elementor-repeater-item-f2a4be3\" href=\"https:\/\/dgmusica.bandcamp.com\/\" target=\"_blank\">\n\t\t\t\t\t\t<span class=\"elementor-screen-only\">Bandcamp<\/span>\n\t\t\t\t\t\t<i class=\"fab fa-bandcamp\"><\/i>\t\t\t\t\t<\/a>\n\t\t\t\t<\/span>\n\t\t\t\t\t<\/div>\n\t\t\t\t<\/div>\n\t\t\t\t<\/div>\n\t\t\t\t\t<\/div>\n\t\t<\/div>\n\t\t\t\t<div class=\"elementor-column elementor-col-50 elementor-top-column elementor-element elementor-element-e988273\" data-id=\"e988273\" data-element_type=\"column\">\n\t\t\t<div class=\"elementor-widget-wrap elementor-element-populated\">\n\t\t\t\t\t\t\t\t<div class=\"elementor-element elementor-element-6593ab1 elementor-widget elementor-widget-text-editor\" data-id=\"6593ab1\" data-element_type=\"widget\" data-widget_type=\"text-editor.default\">\n\t\t\t\t<div class=\"elementor-widget-container\">\n\t\t\t<style>\/*! elementor - v3.10.2 - 29-01-2023 *\/\n.elementor-widget-text-editor.elementor-drop-cap-view-stacked .elementor-drop-cap{background-color:#818a91;color:#fff}.elementor-widget-text-editor.elementor-drop-cap-view-framed .elementor-drop-cap{color:#818a91;border:3px solid;background-color:transparent}.elementor-widget-text-editor:not(.elementor-drop-cap-view-default) .elementor-drop-cap{margin-top:8px}.elementor-widget-text-editor:not(.elementor-drop-cap-view-default) .elementor-drop-cap-letter{width:1em;height:1em}.elementor-widget-text-editor .elementor-drop-cap{float:left;text-align:center;line-height:1;font-size:50px}.elementor-widget-text-editor .elementor-drop-cap-letter{display:inline-block}<\/style>\t\t\t\t<p>Naci\u00f3 en Rosario, Argentina, en 1958. <br \/>Mayormente autodidacta, en 1981 curs\u00f3 estudios sobre teor\u00eda del color con Eduardo Ser\u00f3n. Expone desde 1981. En 1984 integr\u00f3 el grupo APA Artistas Pl\u00e1sticos Asociados, de Rosario.Durante 1991 y 1992 asisti\u00f3 en Buenos Aires a un taller coordinado por Guillermo Kuitca becado por la Fundaci\u00f3n Antorchas. En 2010 en el Museo de la Memoria de Rosario realiza la obra <i>Ronda<\/i> sobre un piso de cemento de 68 m2.<\/p>\t\t\t\t\t\t<\/div>\n\t\t\t\t<\/div>\n\t\t\t\t<div class=\"elementor-element elementor-element-2aa7d33 elementor-widget elementor-widget-spacer\" data-id=\"2aa7d33\" data-element_type=\"widget\" data-widget_type=\"spacer.default\">\n\t\t\t\t<div class=\"elementor-widget-container\">\n\t\t\t\t\t<div class=\"elementor-spacer\">\n\t\t\t<div class=\"elementor-spacer-inner\"><\/div>\n\t\t<\/div>\n\t\t\t\t<\/div>\n\t\t\t\t<\/div>\n\t\t\t\t<div class=\"elementor-element elementor-element-e2c78f3 elementor-widget elementor-widget-accordion\" data-id=\"e2c78f3\" data-element_type=\"widget\" data-widget_type=\"accordion.default\">\n\t\t\t\t<div class=\"elementor-widget-container\">\n\t\t\t<style>\/*! elementor - v3.10.2 - 29-01-2023 *\/\n.elementor-accordion{text-align:left}.elementor-accordion .elementor-accordion-item{border:1px solid #d4d4d4}.elementor-accordion .elementor-accordion-item+.elementor-accordion-item{border-top:none}.elementor-accordion .elementor-tab-title{margin:0;padding:15px 20px;font-weight:700;line-height:1;cursor:pointer;outline:none}.elementor-accordion .elementor-tab-title .elementor-accordion-icon{display:inline-block;width:1.5em}.elementor-accordion .elementor-tab-title .elementor-accordion-icon svg{width:1em;height:1em}.elementor-accordion .elementor-tab-title .elementor-accordion-icon.elementor-accordion-icon-right{float:right;text-align:right}.elementor-accordion .elementor-tab-title .elementor-accordion-icon.elementor-accordion-icon-left{float:left;text-align:left}.elementor-accordion .elementor-tab-title .elementor-accordion-icon .elementor-accordion-icon-closed{display:block}.elementor-accordion .elementor-tab-title .elementor-accordion-icon .elementor-accordion-icon-opened,.elementor-accordion .elementor-tab-title.elementor-active .elementor-accordion-icon-closed{display:none}.elementor-accordion .elementor-tab-title.elementor-active .elementor-accordion-icon-opened{display:block}.elementor-accordion .elementor-tab-content{display:none;padding:15px 20px;border-top:1px solid #d4d4d4}@media (max-width:767px){.elementor-accordion .elementor-tab-title{padding:12px 15px}.elementor-accordion .elementor-tab-title .elementor-accordion-icon{width:1.2em}.elementor-accordion .elementor-tab-content{padding:7px 15px}}.e-con-inner>.elementor-widget-accordion,.e-con>.elementor-widget-accordion{width:var(--container-widget-width);--flex-grow:var(--container-widget-flex-grow)}<\/style>\t\t<div class=\"elementor-accordion\" role=\"tablist\">\n\t\t\t\t\t\t\t<div class=\"elementor-accordion-item\">\n\t\t\t\t\t<div id=\"elementor-tab-title-2371\" class=\"elementor-tab-title\" data-tab=\"1\" role=\"tab\" aria-controls=\"elementor-tab-content-2371\" aria-expanded=\"false\">\n\t\t\t\t\t\t\t\t\t\t\t\t\t<span class=\"elementor-accordion-icon elementor-accordion-icon-left\" aria-hidden=\"true\">\n\t\t\t\t\t\t\t\t\t\t\t\t\t\t\t<span class=\"elementor-accordion-icon-closed\"><i class=\"fas fa-long-arrow-alt-right\"><\/i><\/span>\n\t\t\t\t\t\t\t\t<span class=\"elementor-accordion-icon-opened\"><i class=\"fas fa-long-arrow-alt-down\"><\/i><\/span>\n\t\t\t\t\t\t\t\t\t\t\t\t\t\t<\/span>\n\t\t\t\t\t\t\t\t\t\t\t\t<a class=\"elementor-accordion-title\" href=\"\">Selecci\u00f3n de muestras individuales<\/a>\n\t\t\t\t\t<\/div>\n\t\t\t\t\t<div id=\"elementor-tab-content-2371\" class=\"elementor-tab-content elementor-clearfix\" data-tab=\"1\" role=\"tabpanel\" aria-labelledby=\"elementor-tab-title-2371\"><p><strong>2022<\/strong><\/p><ul><li><i><span style=\"font-weight: 400;\">Trance<\/span><\/i><span style=\"font-weight: 400;\">. Museo Castagnino, Rosario<\/span><\/li><li><i><span style=\"font-weight: 400;\">Cuadros en una pared<\/span><\/i><span style=\"font-weight: 400;\">, Galer\u00eda Mar dulce, Buenos Aires<\/span><\/li><\/ul><p>\u00a0<\/p><p><strong>2021<\/strong><\/p><ul><li><i><span style=\"font-weight: 400;\">Encuentros<\/span><\/i><span style=\"font-weight: 400;\">. Museo de Arte Decorativo Firma y Odilo Est\u00e9vez, Rosario<\/span><\/li><\/ul><p>\u00a0<\/p><p><strong>2020<\/strong><\/p><ul><li><i><span style=\"font-weight: 400;\">Identidades<\/span><\/i><span style=\"font-weight: 400;\">, Galer\u00eda EstudioG, Rosario<\/span><\/li><li><i><span style=\"font-weight: 400;\">Figuras<\/span><\/i><span style=\"font-weight: 400;\">, Galer\u00eda EstudioG, Rosario<\/span><\/li><\/ul><p>\u00a0<\/p><p><strong>2019<\/strong><\/p><ul><li><i><span style=\"font-weight: 400;\">Damas de Shangh\u00e1i<\/span><\/i><span style=\"font-weight: 400;\">, Gachi Prieto Arte Contempor\u00e1neo, Buenos Aires<\/span><\/li><li><i><span style=\"font-weight: 400;\">Peque\u00f1as pinturas de Flores<\/span><\/i><span style=\"font-weight: 400;\">, Galer\u00eda Mar dulce, Buenos Aires<\/span><\/li><\/ul><p>\u00a0<\/p><p><strong>2018<\/strong>\u00a0<\/p><ul><li><i><span style=\"font-weight: 400;\">Damas de Shangh\u00e1i<\/span><\/i><span style=\"font-weight: 400;\">, Fundaci\u00f3n Osde, Rosario<\/span><\/li><li><i><span style=\"font-weight: 400;\">Algunas Flores<\/span><\/i><span style=\"font-weight: 400;\">, Galer\u00eda EstudioG, Rosario<\/span><\/li><\/ul><p>\u00a0<\/p><p><strong>2017<\/strong>\u00a0<\/p><ul><li><i><span style=\"font-weight: 400;\">Acr\u00f3batas en El C\u00edrculo<\/span><\/i><span style=\"font-weight: 400;\">, Sala Trillas, Teatro El C\u00edrculo, Rosario<\/span><\/li><\/ul><p>\u00a0<\/p><p><strong>2016<\/strong><\/p><ul><li><i><span style=\"font-weight: 400;\">Acr\u00f3batas y Lobos<\/span><\/i><span style=\"font-weight: 400;\">, Galer\u00eda Isabel Anchorena, Buenos Aires<\/span><\/li><li><i><span style=\"font-weight: 400;\">Otros Acr\u00f3batas<\/span><\/i><span style=\"font-weight: 400;\">, Galer\u00eda Mar dulce, Buenos Aires<\/span><\/li><\/ul><p>\u00a0<\/p><p><strong>2015<\/strong><\/p><ul><li><i><span style=\"font-weight: 400;\">Peque\u00f1as creaturas<\/span><\/i><span style=\"font-weight: 400;\">, Galer\u00eda Mar dulce, Buenos Aires<\/span><\/li><li><i><span style=\"font-weight: 400;\">Acr\u00f3batas<\/span><\/i><span style=\"font-weight: 400;\">, Mal de Archivo, Rosario<\/span><\/li><\/ul><p>\u00a0<\/p><p><strong>2014\u00a0<\/strong><\/p><ul><li><i><span style=\"font-weight: 400;\">Un gato que camina solo<\/span><\/i><span style=\"font-weight: 400;\">, Club Editorial R\u00edo Paran\u00e1, Rosario<\/span><\/li><\/ul><p>\u00a0<\/p><p><strong>2013<\/strong><\/p><ul><li><i><span style=\"font-weight: 400;\">Casi boyitas<\/span><\/i><span style=\"font-weight: 400;\">, Galer\u00eda Mar dulce, Buenos Aires.<\/span><\/li><\/ul><p>\u00a0<\/p><p><strong>2012<\/strong>\u00a0<\/p><ul><li><i><span style=\"font-weight: 400;\">Corpus<\/span><\/i><span style=\"font-weight: 400;\">, ECU, Espacio Cultural Universitario, Rosario.<\/span><\/li><li><i><span style=\"font-weight: 400;\">Nachleben<\/span><\/i><span style=\"font-weight: 400;\">, Centro Cultural Haroldo Conti, Buenos Aires.<\/span><\/li><li><i><span style=\"font-weight: 400;\">Ad astra per aspera<\/span><\/i><span style=\"font-weight: 400;\">, Museo del Diario La Capital, Rosario.<\/span><\/li><li><i><span style=\"font-weight: 400;\">Elogio de la obsolescencia<\/span><\/i><span style=\"font-weight: 400;\">, Museo de Arte Contempor\u00e1neo, Salta.<\/span><\/li><\/ul><p>\u00a0<\/p><p><strong>2011<\/strong><\/p><ul><li><i><span style=\"font-weight: 400;\">Nocturno<\/span><\/i><span style=\"font-weight: 400;\">, Galer\u00eda Zavaleta Lab, Buenos Aires.<\/span><\/li><li><i><span style=\"font-weight: 400;\">Ad capite ad calcem<\/span><\/i><span style=\"font-weight: 400;\">, Ivan Rosado, Rosario.<\/span><\/li><\/ul><p>\u00a0<\/p><p><strong>2010<\/strong><\/p><ul><li><i><span style=\"font-weight: 400;\">Retrovisor<\/span><\/i><span style=\"font-weight: 400;\">. Museo Emilio Caraffa, C\u00f3rdoba<\/span><\/li><\/ul><p>\u00a0<\/p><p><strong>2009 <\/strong><\/p><ul><li><i><span style=\"font-weight: 400;\">Bandido. Selecci\u00f3n de obras 2001-2009<\/span><\/i><span style=\"font-weight: 400;\">, Centro Cultural de Espa\u00f1a, Rosario.\u00a0<\/span><\/li><li><i><span style=\"font-weight: 400;\">Heter\u00f3clito<\/span><\/i><span style=\"font-weight: 400;\">, Teatro Auditorium, Mar del Plata<\/span><\/li><\/ul><p>\u00a0<\/p><p><strong>2008\u00a0<\/strong><\/p><ul><li><i><span style=\"font-weight: 400;\">Tanto tiempo sin verte<\/span><\/i><span style=\"font-weight: 400;\">, Galer\u00eda Zavaleta Lab, Buenos Aires.<\/span><\/li><li><i><span style=\"font-weight: 400;\">Remordimientos y silencios<\/span><\/i><span style=\"font-weight: 400;\">, Espacio de Arte AMIA, Buenos Aires.<\/span><\/li><li><i><span style=\"font-weight: 400;\">Heter\u00f3clito<\/span><\/i><span style=\"font-weight: 400;\">, Macro (Museo de Arte Contempor\u00e1neo de Rosario), Rosario<\/span><\/li><\/ul><p>\u00a0<\/p><p><strong>2007 <\/strong>\u00a0<\/p><ul><li><i><span style=\"font-weight: 400;\">Ghost Town<\/span><\/i><span style=\"font-weight: 400;\">, Galer\u00eda Cord\u00f3n Plateado, Rosario.<\/span><\/li><li><i><span style=\"font-weight: 400;\">El mal menor<\/span><\/i><span style=\"font-weight: 400;\">, Museo de Bellas Artes Rene Brusau, Resistencia<\/span><\/li><li><i><span style=\"font-weight: 400;\">El mal menor<\/span><\/i><span style=\"font-weight: 400;\">, Museo de Bellas Artes Juan R. Vidal, Corrientes<\/span><\/li><\/ul><p>\u00a0<\/p><p><strong>2006 <\/strong><\/p><ul><li><i><span style=\"font-weight: 400;\">El mal menor<\/span><\/i><span style=\"font-weight: 400;\">, Pecatta Minuta, Rosario<\/span><\/li><\/ul><p>\u00a0<\/p><p><strong>2005 \u00a0<\/strong><\/p><ul><li><i><span style=\"font-weight: 400;\">Interior<\/span><\/i><span style=\"font-weight: 400;\">, Sala Trillas, Teatro El C\u00edrculo, Rosario<\/span><\/li><\/ul><p>\u00a0<\/p><p><strong>2004 <\/strong><\/p><ul><li><span style=\"font-weight: 400;\">Galer\u00eda Stein, Rosario<\/span><\/li><\/ul><p>\u00a0<\/p><p><strong>2003<\/strong><\/p><ul><li><i><span style=\"font-weight: 400;\">Remordimientos<\/span><\/i><span style=\"font-weight: 400;\">, Museo Castagnino, Rosario<\/span><\/li><li><i><span style=\"font-weight: 400;\">Defensas<\/span><\/i><span style=\"font-weight: 400;\">, Museo de Arte Contempor\u00e1neo, UNAM, Posadas\u00a0<\/span><\/li><li><i><span style=\"font-weight: 400;\">Tuberculosis<\/span><\/i><span style=\"font-weight: 400;\">, Centro Cultural Islas Malvinas, La Plata<\/span><\/li><li><i><span style=\"font-weight: 400;\">Bondage<\/span><\/i><span style=\"font-weight: 400;\">, Museo Nacional de Bellas Artes, Buenos Aires<\/span><\/li><\/ul><p>\u00a0<\/p><p><strong>2002 <\/strong><\/p><ul><li><span style=\"font-weight: 400;\">Viajes, citas y otros compromisos, Galer\u00eda Ruth Benzacar, Buenos Aires\u00a0<\/span><\/li><\/ul><p>\u00a0<\/p><p><strong>2000<\/strong><\/p><ul><li><span style=\"font-weight: 400;\">Galer\u00eda Ramis Barquet, New York, USA<\/span><\/li><li><span style=\"font-weight: 400;\">Blue Star Art Space, San Antonio, Texas.<\/span><\/li><li><span style=\"font-weight: 400;\">Centro Cultural Parque de Espa\u00f1a, Rosario.<\/span><\/li><\/ul><p>\u00a0<\/p><p><strong>1999<\/strong><\/p><ul><li><span style=\"font-weight: 400;\">Sicardi Gallery, Houston, Texas.<\/span><\/li><\/ul><p>\u00a0<\/p><p><strong>1998<\/strong><\/p><ul><li><span style=\"font-weight: 400;\">Galer\u00eda OMR, M\u00e9xico DF, M\u00e9xico.<\/span><\/li><\/ul><p>\u00a0<\/p><p><strong>1997<\/strong><\/p><ul><li><span style=\"font-weight: 400;\">Centro Cultural Recoleta, Buenos Aires.<\/span><\/li><li><span style=\"font-weight: 400;\">Teatro Auditorium, Mar del Plata.<\/span><\/li><\/ul><p>\u00a0<\/p><p><strong>1996<\/strong><\/p><ul><li><span style=\"font-weight: 400;\">Museo de Arte Contempor\u00e1neo, Bah\u00eda Blanca.<\/span><\/li><li><span style=\"font-weight: 400;\">Fundaci\u00f3n Banco Patricios, Buenos Aires.<\/span><\/li><\/ul><p>\u00a0<\/p><p><strong>1995 <\/strong><\/p><ul><li><span style=\"font-weight: 400;\">Galer\u00eda Ruth Benzacar, Buenos Aires.<\/span><\/li><\/ul><p>\u00a0<\/p><p><strong>1994<\/strong><\/p><ul><li><span style=\"font-weight: 400;\">Fredric Snitzer Gallery, Coral Gables, Florida.<\/span><\/li><\/ul><p>\u00a0<\/p><p><strong>1993<\/strong><\/p><ul><li><span style=\"font-weight: 400;\">Galer\u00eda Sara Garc\u00eda Uriburu, Buenos Aires (junto a Daniel Besoytaorube).<\/span><\/li><\/ul><p>\u00a0<\/p><p><strong>1991<\/strong><\/p><ul><li><i><span style=\"font-weight: 400;\">Despojos y Banderas<\/span><\/i><span style=\"font-weight: 400;\">, Centro Cultural Recoleta, Buenos Aires. (junto a Gabriel Gonz\u00e1lez Su\u00e1rez).<\/span><\/li><li><i><span style=\"font-weight: 400;\">Silencio<\/span><\/i><span style=\"font-weight: 400;\">, Biblioteca Argentina Dr. Juan Alvarez, Rosario.<\/span><\/li><li><span style=\"font-weight: 400;\">Sala de exposiciones Librer\u00eda Homo Sapiens, Rosario<\/span><\/li><li><span style=\"font-weight: 400;\">Harrods en el arte, Galer\u00eda Castagnino, Buenos Aires.<\/span><\/li><\/ul><p>\u00a0<\/p><p><strong>1990\u00a0<\/strong><\/p><ul><li><i><span style=\"font-weight: 400;\">Despojos<\/span><\/i><span style=\"font-weight: 400;\">, Biblioteca Argentina Dr. Juan Alvarez, Rosario.<\/span><\/li><li><span style=\"font-weight: 400;\">Centro Cultural Rivadavia, Rosario.<\/span><\/li><\/ul><p>\u00a0<\/p><p><strong>1989<\/strong><\/p><ul><li><i><span style=\"font-weight: 400;\">Corazonada<\/span><\/i><span style=\"font-weight: 400;\">, Galer\u00eda Santill\u00e1n, Rosario.<\/span><\/li><li><i><span style=\"font-weight: 400;\">Cartones y Papeles<\/span><\/i><span style=\"font-weight: 400;\">, Centro Cultural Parque Alem, Rosario.<\/span><\/li><\/ul><p>\u00a0<\/p><p><strong>1988<\/strong><\/p><ul><li><span style=\"font-weight: 400;\">Centro Cultural Rivadavia, Rosario<\/span><\/li><\/ul><p>\u00a0<\/p><p><strong>1987<\/strong><\/p><ul><li><span style=\"font-weight: 400;\">\u00a0<\/span><i><span style=\"font-weight: 400;\">21 Dibujos Imperfectos<\/span><\/i><span style=\"font-weight: 400;\">, Galer\u00eda Sala de la Peque\u00f1a Muestra, Rosario.<\/span><\/li><li><i><span style=\"font-weight: 400;\">Trans-Figuraciones<\/span><\/i><span style=\"font-weight: 400;\">, Centro de Arquitectos, Rosario.<\/span><\/li><\/ul><p>\u00a0<\/p><p><strong>1985\u00a0<\/strong><\/p><ul><li><i><span style=\"font-weight: 400;\">Homenaje a Dubuffet<\/span><\/i><span style=\"font-weight: 400;\">, Galer\u00eda Mir\u00f3, Rosario.<\/span><\/li><\/ul><p>\u00a0<\/p><p><strong>1984<\/strong><\/p><ul><li><span style=\"font-weight: 400;\">Galer\u00eda Mir\u00f3, Rosario.<\/span><\/li><\/ul><p>\u00a0<\/p><p><strong>1983<\/strong><\/p><ul><li><span style=\"font-weight: 400;\">\u00a0Sala Lavard\u00e9n, Rosario<\/span><\/li><\/ul><p>\u00a0<\/p><p><strong>1982<\/strong><\/p><ul><li><span style=\"font-weight: 400;\">\u00a0Galer\u00eda Buonarroti, Rosario.<\/span><\/li><\/ul><\/div>\n\t\t\t\t<\/div>\n\t\t\t\t\t\t\t<div class=\"elementor-accordion-item\">\n\t\t\t\t\t<div id=\"elementor-tab-title-2372\" class=\"elementor-tab-title\" data-tab=\"2\" role=\"tab\" aria-controls=\"elementor-tab-content-2372\" aria-expanded=\"false\">\n\t\t\t\t\t\t\t\t\t\t\t\t\t<span class=\"elementor-accordion-icon elementor-accordion-icon-left\" aria-hidden=\"true\">\n\t\t\t\t\t\t\t\t\t\t\t\t\t\t\t<span class=\"elementor-accordion-icon-closed\"><i class=\"fas fa-long-arrow-alt-right\"><\/i><\/span>\n\t\t\t\t\t\t\t\t<span class=\"elementor-accordion-icon-opened\"><i class=\"fas fa-long-arrow-alt-down\"><\/i><\/span>\n\t\t\t\t\t\t\t\t\t\t\t\t\t\t<\/span>\n\t\t\t\t\t\t\t\t\t\t\t\t<a class=\"elementor-accordion-title\" href=\"\">Selecci\u00f3n de muestras colectivas<\/a>\n\t\t\t\t\t<\/div>\n\t\t\t\t\t<div id=\"elementor-tab-content-2372\" class=\"elementor-tab-content elementor-clearfix\" data-tab=\"2\" role=\"tabpanel\" aria-labelledby=\"elementor-tab-title-2372\"><p><strong>2022<\/strong><\/p><ul><li><i><span style=\"font-weight: 400;\">Espejismos: un ensayo sobre los \u201990<\/span><\/i><span style=\"font-weight: 400;\">, Fundaci\u00f3n Cazadores, Buenos Aires<\/span><\/li><li><i><span style=\"font-weight: 400;\">Ser mirada<\/span><\/i><span style=\"font-weight: 400;\">, Galer\u00eda Local 15 Pasaje Pan, Rosario<\/span><\/li><\/ul><p>\u00a0<\/p><p><strong>2021\u00a0<\/strong><\/p><ul><li><i><span style=\"font-weight: 400;\">La casa invita<\/span><\/i><span style=\"font-weight: 400;\">, Smart Gallery, Buenos Aires<\/span><\/li><\/ul><p>\u00a0<\/p><p><strong>2019\u00a0<\/strong><\/p><ul><li><i><span style=\"font-weight: 400;\">Topian Gardens<\/span><\/i><span style=\"font-weight: 400;\">, ltd los angeles at Gallery Vacancy, Shanghai, China<\/span><\/li><li><i><span style=\"font-weight: 400;\">Dos museos y un r\u00edo<\/span><\/i><span style=\"font-weight: 400;\">, Museo Castagnino + Macro, Rosario<\/span><\/li><li><i><span style=\"font-weight: 400;\">Universos Cercanos<\/span><\/i><span style=\"font-weight: 400;\">, Casa del Bicentenario, Buenos Aires<\/span><\/li><li><i><span style=\"font-weight: 400;\">De coreograf\u00edas visuales y cuerpxs extra\u00f1xs<\/span><\/i><span style=\"font-weight: 400;\">\u200b, Gachi Prieto Arte Contempor\u00e1neo, Buenos Aires<\/span><\/li><\/ul><p>\u00a0<\/p><p><strong>2018<\/strong><\/p><ul><li><i><span style=\"font-weight: 400;\">Aquellos b\u00e1rbaros<\/span><\/i><span style=\"font-weight: 400;\">, Museo Castagnino + Macro, Rosario<\/span><\/li><li><i><span style=\"font-weight: 400;\">Trayectoria<\/span><\/i><span style=\"font-weight: 400;\">, Ungallery, Buenos Aires<\/span><\/li><li><i><span style=\"font-weight: 400;\">Arte Argentino. 100 a\u00f1os en la Colecci\u00f3n Castagnino + Macro<\/span><\/i><span style=\"font-weight: 400;\">. Museo Castagnino + Macro, Rosario<\/span><\/li><\/ul><p>\u00a0<\/p><p><strong>2017\u00a0<\/strong><\/p><ul><li><i><span style=\"font-weight: 400;\">Flores alimentadas de cenizas<\/span><\/i><span style=\"font-weight: 400;\"> (Gilda Di Crosta y Daniel Garc\u00eda), Museo de la Memoria, Rosario<\/span><\/li><li><i><span style=\"font-weight: 400;\">Inventario fragmentado: alternativas de una colecci\u00f3n<\/span><\/i><span style=\"font-weight: 400;\">, Museo Palacio Ferreyra, C\u00f3rdoba<\/span><\/li><\/ul><p>\u00a0<\/p><p><strong>2016<\/strong><\/p><ul><li><i><span style=\"font-weight: 400;\">Centro. Formas e Historia del Centro Cultural Recoleta<\/span><\/i><span style=\"font-weight: 400;\">, CCR, Buenos Aires<\/span><\/li><li><i><span style=\"font-weight: 400;\">Interferencias en la colecci\u00f3n Bellas Artes<\/span><\/i><span style=\"font-weight: 400;\">, Museo Nacional de Bellas Artes, Buenos Aires<\/span><\/li><li><i><span style=\"font-weight: 400;\">Diagonal Sur. Arte Argentino Hoy<\/span><\/i><span style=\"font-weight: 400;\">. Centro Cultural Borges, Buenos Aires.<\/span><\/li><\/ul><p>\u00a0<\/p><p><strong>2015\u00a0<\/strong><\/p><ul><li><i><span style=\"font-weight: 400;\">Episodio 03<\/span><\/i><span style=\"font-weight: 400;\">, Museo de Arte Contempor\u00e1neo de Rosario, <\/span><i><span style=\"font-weight: 400;\">Macro<\/span><\/i><\/li><\/ul><p>\u00a0<\/p><p><strong>2014<\/strong><\/p><ul><li><i><span style=\"font-weight: 400;\">El Greco, una mirada contempor\u00e1nea<\/span><\/i><span style=\"font-weight: 400;\">, Museo Nacional de Bellas Artes, Buenos Aires<\/span><\/li><li><i><span style=\"font-weight: 400;\">Yo, nosotros, el arte<\/span><\/i><span style=\"font-weight: 400;\">, Fundaci\u00f3n OSDE, Buenos Aires<\/span><\/li><\/ul><p>\u00a0<\/p><p><strong>2012<\/strong><\/p><ul><li><i><span style=\"font-weight: 400;\">El Papel del Amigo: caprichos de un curador, Museo Nacional de Bellas Artes, Santiago, Chile (15 marzo-22 de abril)<\/span><\/i><\/li><li><i><span style=\"font-weight: 400;\">Programa Argentina pinta bien<\/span><\/i><span style=\"font-weight: 400;\">, Centro Cultural Recoleta, Buenos Aires.<\/span><\/li><li><span style=\"font-weight: 400;\">\u00a0<\/span><i><span style=\"font-weight: 400;\">Paran\u00e1 Ra\u2019anga, Itinerancia<\/span><\/i><span style=\"font-weight: 400;\">, Museo de Bellas Artes Juan R. Vidal, Corrientes \/ La Redonda.<\/span><\/li><li><span style=\"font-weight: 400;\">Arte y Vida Cotidiana, Santa Fe \/ Centro Cultural Parque de Espa\u00f1a, Rosario.<\/span><\/li><li><i><span style=\"font-weight: 400;\">Contar historias, microrrelatos en las colecciones nacionales de arte<\/span><\/i><span style=\"font-weight: 400;\">, Casa Nacional del<\/span>Bicentenario, Buenos Aires.\u00a0<\/li><\/ul><p>\u00a0<\/p><p><strong>2011<\/strong><\/p><ul><li><i><span style=\"font-weight: 400;\">Paran\u00e1 Ra\u2019anga, Itinerancia<\/span><\/i><span style=\"font-weight: 400;\">, Centro Cultural Juan de Salazar, Asunci\u00f3n.\u00a0<\/span><\/li><\/ul><p>\u00a0<\/p><p><strong>2010<\/strong><\/p><ul><li><i><span style=\"font-weight: 400;\">Southern Identity: Contemporary Argentine Art<\/span><\/i><span style=\"font-weight: 400;\">, International Gallery of the\u00a0\u00a0\u00a0<\/span><span style=\"font-weight: 400;\">Smithsonian\u2019s S. Dillon Ripley Center, Washington, D.C.<\/span><\/li><li><i><span style=\"font-weight: 400;\">Temblor y fulgor<\/span><\/i><span style=\"font-weight: 400;\">, Centro Cultural Haroldo Conti, Buenos Aires.\u00a0<\/span><\/li><li><i><span style=\"font-weight: 400;\">Arte contempor\u00e1neo en la Fundaci\u00f3n Alon<\/span><\/i><span style=\"font-weight: 400;\">, Fundaci\u00f3n Alon, Buenos Aires.<\/span><\/li><li><i><span style=\"font-weight: 400;\">Artistas del Bicentenario<\/span><\/i><span style=\"font-weight: 400;\">, Museo Diario La Capital, Rosario.<\/span><\/li><li><i><span style=\"font-weight: 400;\">Rituales<\/span><\/i><span style=\"font-weight: 400;\">, Museo Diario La Capital, Rosario.<\/span><\/li><\/ul><p>\u00a0<\/p><p><strong>2009<\/strong><\/p><ul><li><i><span style=\"font-weight: 400;\">Dibujo argentino contempor\u00e1neo, <\/span><\/i><span style=\"font-weight: 400;\">ECuNHi, Buenos Aires<\/span><\/li><li><i><span style=\"font-weight: 400;\">Premio Trabucco, <\/span><\/i><span style=\"font-weight: 400;\">Centro Cultural Borges, Buenos Aires<\/span><\/li><li><i><span style=\"font-weight: 400;\">Bienvenidos a la Luna, <\/span><\/i><span style=\"font-weight: 400;\">Centro Cultural Parque de Espa\u00f1a, Rosario<\/span><\/li><\/ul><p>\u00a0<\/p><p><strong>2008<\/strong><\/p><ul><li><i><span style=\"font-weight: 400;\">No eres T\u00fa soy <\/span><\/i><span style=\"font-weight: 400;\">Yo (It\u2019s not You it\u2019s Me), Oficina#1, Caracas, Venezuela<\/span><\/li><li><i><span style=\"font-weight: 400;\">Retratos, <\/span><\/i><span style=\"font-weight: 400;\">Espacio de Arte de Fundaci\u00f3n Standard Bank, Buenos Aires<\/span><\/li><li><i><span style=\"font-weight: 400;\">Concurso 50\u00ba Aniversario Fondo Nacional de las Artes. Premio a las artes visuales, <\/span><\/i><span style=\"font-weight: 400;\">Fondo Nacional de las Artes, Buenos Aires.<\/span><\/li><li><i><span style=\"font-weight: 400;\">Living, <\/span><\/i><span style=\"font-weight: 400;\">Centro Cultural Parque de Espa\u00f1a, Rosario<\/span><\/li><\/ul><p>\u00a0<\/p><p><strong>2007 <\/strong><\/p><ul><li><i><span style=\"font-weight: 400;\">La Espiral de Moebius o los l\u00edmites de la pintura<\/span><\/i><span style=\"font-weight: 400;\">, Centro Cultural Parque de Espa\u00f1a, Rosario<\/span><\/li><li><i><span style=\"font-weight: 400;\">Los Pintores Amigos<\/span><\/i><span style=\"font-weight: 400;\">, Museo Diario La Capital, Rosario<\/span><\/li><li><i><span style=\"font-weight: 400;\">Bajo La Lluvia Ajena<\/span><\/i><span style=\"font-weight: 400;\">, Museo de la Memoria, Rosario<\/span><\/li><li><span style=\"font-weight: 400;\">Galer\u00eda Animal, ArteBA, Buenos Aires<\/span><\/li><\/ul><p>\u00a0<\/p><p><strong>2006<\/strong><\/p><ul><li><span style=\"font-weight: 400;\">\u00a0<\/span><i><span style=\"font-weight: 400;\">\u00bfPor Qu\u00e9 Pintura?<\/span><\/i><span style=\"font-weight: 400;\">, Fondo Nacional de las Artes, Buenos Aires<\/span><\/li><li><i><span style=\"font-weight: 400;\">Herederos Del Pop (Da Rin &#8211; El Azem &#8211; Garc\u00eda)<\/span><\/i><span style=\"font-weight: 400;\">, Galer\u00eda Animal, Santiago, Chile<\/span><\/li><li><i><span style=\"font-weight: 400;\">Robot Ludens<\/span><\/i><span style=\"font-weight: 400;\">, Centro Cultural de Espa\u00f1a en Buenos Aires<\/span><\/li><li>\u00a0<\/li><\/ul><p>\u00a0<\/p><p><strong>2005\u00a0<\/strong><\/p><ul><li><i><span style=\"font-weight: 400;\">2D<\/span><\/i><span style=\"font-weight: 400;\">, Centro Cultural Parque de Espa\u00f1a, Rosario.<\/span><\/li><li><i><span style=\"font-weight: 400;\">Verano 2005<\/span><\/i><span style=\"font-weight: 400;\">, Galer\u00eda Ruth Benzacar, Buenos Aires.<\/span><\/li><\/ul><p>\u00a0<\/p><p><strong>2004 <\/strong><\/p><ul><li><span style=\"font-weight: 400;\">Galer\u00eda Ruth Benzacar, ARCO, Madrid.<\/span><\/li><li><span style=\"font-weight: 400;\">Galer\u00eda Ruth Benzacar, ArteBA, Buenos Aires.<\/span><\/li><\/ul><p>\u00a0<\/p><p><strong>2003<\/strong><\/p><ul><li><span style=\"font-weight: 400;\">Galer\u00eda Ruth Benzacar, ArteBA, Buenos Aires.<\/span><\/li><\/ul><p>\u00a0<\/p><p><strong>2002<\/strong><\/p><ul><li><i><span style=\"font-weight: 400;\">De Ponta-Cabe\u00e7a, I Bienal de Fortaleza<\/span><\/i><span style=\"font-weight: 400;\">, Fortaleza, Brasil.<\/span><\/li><li><i><span style=\"font-weight: 400;\">II Bienal Internacional de Buenos Aires<\/span><\/i><span style=\"font-weight: 400;\">, MNBA, Buenos Aires<\/span><\/li><li><i><span style=\"font-weight: 400;\">In Memory:The Art of Afterwards<\/span><\/i><span style=\"font-weight: 400;\">, Mishkin Gallery, New York.<\/span><\/li><li><i><span style=\"font-weight: 400;\">Trueque, <\/span><\/i><span style=\"font-weight: 400;\">Museo Juan B. Castagnino, Rosario.<\/span><\/li><li><i><span style=\"font-weight: 400;\">Club del Dibujo<\/span><\/i><span style=\"font-weight: 400;\">, Teatro Auditorium, Centro de las Artes. Mar del Plata, Argentina.<\/span><\/li><li><i><span style=\"font-weight: 400;\">En Cent\u00edmetros<\/span><\/i><span style=\"font-weight: 400;\">, Galer\u00eda Fernando Pradilla, Madrid.<\/span><\/li><li><i><span style=\"font-weight: 400;\">Arte de Am\u00e9rica Latina<\/span><\/i><span style=\"font-weight: 400;\">, Galer\u00eda Luc\u00eda de la Puente, Lima.<\/span><\/li><\/ul><p>\u00a0<\/p><p><strong>2001<\/strong><\/p><ul><li><i><span style=\"font-weight: 400;\">Pintura Argentina, Artistas Contempor\u00e1neos<\/span><\/i><span style=\"font-weight: 400;\">, Museo Nacional de Bellas Artes,<\/span><span style=\"font-weight: 400;\">Buenos Aires<\/span><\/li><li><i><span style=\"font-weight: 400;\">Ahora Iberoam\u00e9rica<\/span><\/i><span style=\"font-weight: 400;\">, Galer\u00eda Fernando Pradilla, Madrid.<\/span><\/li><li><i><span style=\"font-weight: 400;\">Veinte Pintores Rosarinos Contempor\u00e1neos<\/span><\/i><span style=\"font-weight: 400;\">, Museo Castagnino, Rosario<\/span><\/li><li><i><span style=\"font-weight: 400;\">Cultural Chandon<\/span><\/i><span style=\"font-weight: 400;\">, Museo Castagnino, Rosario<\/span><\/li><\/ul><p>\u00a0<\/p><p><strong>2000<\/strong><\/p><ul><li><i><span style=\"font-weight: 400;\">I Bienal Internacional de Buenos Aires<\/span><\/i><span style=\"font-weight: 400;\">, MNBA, Buenos Aires<\/span><\/li><li><i><span style=\"font-weight: 400;\">Group Show<\/span><\/i><span style=\"font-weight: 400;\">, Galer\u00eda Ramis Barquet, New York, USA<\/span><\/li><li><span style=\"font-weight: 400;\">Galer\u00eda Ramis Barquet, ARCO, Madrid.<\/span><\/li><li><i><span style=\"font-weight: 400;\">\u00a0El horizonte se corre diez pasos m\u00e1s ac\u00e1<\/span><\/i><span style=\"font-weight: 400;\">, Bryggens Museum, Bergen, Noruega.<\/span><\/li><li><i><span style=\"font-weight: 400;\">34 ARC<\/span><\/i><span style=\"font-weight: 400;\">, Museo de Bellas Artes Juan B. Castagnino, Rosario.<\/span><\/li><li><i><span style=\"font-weight: 400;\"> II Bienal del Mercosur<\/span><\/i><span style=\"font-weight: 400;\">, Porto Alegre, Brasil.<\/span><\/li><li><i><span style=\"font-weight: 400;\"> Siglo XX Argentino, Arte y Cultura<\/span><\/i><span style=\"font-weight: 400;\">, Centro Cultural Recoleta, Buenos Aires<\/span><\/li><li><i><span style=\"font-weight: 400;\">The Eye of the Millenium: Art of the Americas<\/span><\/i><span style=\"font-weight: 400;\">, Art Museum of the Americas, <\/span>Washington.\u00a0<\/li><li><i><span style=\"font-weight: 400;\">El Ojo del Milenio: Arte de las Am\u00e9ricas<\/span><\/i><span style=\"font-weight: 400;\">, Sala Cronopios, Centro Cultural <\/span>Recoleta, Buenos Aires.<\/li><li><i><span style=\"font-weight: 400;\">Am\u00e9rica Latina: das vanguardas ao fin do mil\u00e9nio<\/span><\/i><span style=\"font-weight: 400;\">, Culturgest, Lisboa, Portugal.<\/span><\/li><li><span style=\"font-weight: 400;\">Galer\u00eda Ruth Benzacar, FIAC, Par\u00eds, Francia.<\/span><\/li><li><span style=\"font-weight: 400;\">Galer\u00eda OMR, FIAC, Par\u00eds, Francia.<\/span><\/li><li><span style=\"font-weight: 400;\">Galer\u00eda Ruth Benzacar, ARCO, Madrid.<\/span><\/li><li><i><span style=\"font-weight: 400;\">Arte Argentino Contempor\u00e1neo<\/span><\/i><span style=\"font-weight: 400;\">, Centro Cultural Parque de Espa\u00f1a, Rosario, <\/span>Argentina.<\/li><li><span style=\"font-weight: 400;\">VI Bienal de La Habana, Cuba.<\/span><\/li><li><span style=\"font-weight: 400;\"> 47\u00ba Bienal de Venecia, Italia.<\/span><\/li><li><span style=\"font-weight: 400;\"> 1\u00ba Bienal del Mercosur, Porto Alegre, Brasil.<\/span><\/li><li><i><span>Cuatro aspectos de la pintura argentina contempor\u00e1nea<\/span><\/i><span>, Fondo Nacional de las Artes, ARCO\u201997, Madrid.<\/span><\/li><\/ul><p>\u00a0<\/p><p><strong>1996<\/strong><\/p><ul><li><i><span style=\"font-weight: 400;\">Garc\u00eda, Gonz\u00e1lez Perr\u00edn, De Sagastiz\u00e1bal<\/span><\/i><span style=\"font-weight: 400;\">, Museo de Arte Americano, Maldonado, <\/span><span style=\"font-weight: 400;\">Uruguay.<\/span><\/li><li><i><span style=\"font-weight: 400;\">Am\u00e9rica Latina \u201996<\/span><\/i><span style=\"font-weight: 400;\">, Museo Nacional de Bellas Artes, Buenos Aires.<\/span><\/li><li><i><span style=\"font-weight: 400;\">70-80-90<\/span><\/i><span style=\"font-weight: 400;\">, Centro Cultural Borges, Buenos Aires.<\/span><\/li><li><i><span style=\"font-weight: 400;\">La Ciudad Agredida<\/span><\/i><span style=\"font-weight: 400;\">, Museo Nacional de Bellas Artes, Buenos Aires.<\/span><\/li><li><i><span style=\"font-weight: 400;\">El Objeto de los Noventa<\/span><\/i><span style=\"font-weight: 400;\">, Museo Castagnino, Rosario.<\/span><\/li><li><i><span style=\"font-weight: 400;\">70-80-90<\/span><\/i><span style=\"font-weight: 400;\">, Museo Nacional de Bellas Artes, Buenos Aires.<\/span><\/li><li><i><span style=\"font-weight: 400;\">Premio Deutsche Bank,<\/span><\/i><span style=\"font-weight: 400;\"> Buenos Aires [primera menci\u00f3n]<\/span><\/li><li><i><span style=\"font-weight: 400;\">El Objeto de los noventa,<\/span><\/i><span style=\"font-weight: 400;\"> Museo Juan B. Castagnino, Rosario.<\/span><\/li><li><i><span style=\"font-weight: 400;\">Premio Telecom Argentina,<\/span><\/i><span style=\"font-weight: 400;\"> Salas Nacionales de Cultura, Buenos Aires.<\/span><\/li><li><i><span style=\"font-weight: 400;\">La Pasi\u00f3n de Pintar<\/span><\/i><span style=\"font-weight: 400;\">, Galer\u00eda Ruth Benzacar, Buenos Aires.<\/span><\/li><li><i><span style=\"font-weight: 400;\">Peque\u00f1o Formato Latinoamericano<\/span><\/i><span style=\"font-weight: 400;\">, Luigi Marrozzini Gallery, San Juan de <\/span>Puerto Rico.\u00a0\u00a0<\/li><\/ul><p>\u00a0<\/p><p><strong>1993<\/strong><\/p><ul><li><i><span style=\"font-weight: 400;\">PICTORICA<\/span><\/i><span style=\"font-weight: 400;\">, Art Museum of the Americas, Washington, Estados Unidos.<\/span><\/li><li><i><span style=\"font-weight: 400;\"> De La Tierra del Fuego al Otro Polo, 7 artistas argentinos contempor\u00e1neos<\/span><\/i><span style=\"font-weight: 400;\">, <\/span>Galer\u00eda Arte Actual Mexicano, Monterrey, M\u00e9xico.<\/li><li><i><span style=\"font-weight: 400;\">PICTORICA<\/span><\/i><span style=\"font-weight: 400;\">, G.R. N\u2019Namdi Gallery, Birmingham, Mi, Estados Unidos.<\/span><\/li><li><span style=\"font-weight: 400;\">Premio G\u00fcnther, CAYC, Buenos Aires.<\/span><\/li><li><span style=\"font-weight: 400;\">Sal\u00f3n Municipal Manuel Belgrano, Buenos Aires.<\/span><\/li><li><span style=\"font-weight: 400;\">Premio al Arte Joven Argentino, Deutsche Bank, Museo de Arte Moderno, Buenos Aires.<\/span><\/li><li><i><span style=\"font-weight: 400;\">PICTORICA<\/span><\/i><span style=\"font-weight: 400;\">, Centro Cultural Villa Ocampo, Mar del Plata.<\/span><\/li><li><i><span style=\"font-weight: 400;\">La Conquista (500 a\u00f1os \u2013 40 artistas)<\/span><\/i><span style=\"font-weight: 400;\">, Centro Cultural Recoleta, Buenos Aires.<\/span><\/li><li><i><span style=\"font-weight: 400;\">De Puerto a Puerto<\/span><\/i><span style=\"font-weight: 400;\">, Museo de Bellas Artes de Bah\u00eda Blanca.<\/span><\/li><li><i><span>Premio Fundaci\u00f3n Nuevo Mundo<\/span><\/i><span>, Museo Nacional de Bellas Artes, Buenos Aires.<\/span><\/li><li><i><span style=\"font-weight: 400;\">Festival Les Allum\u00e8es<\/span><\/i><span style=\"font-weight: 400;\">, Nantes, Francia.<\/span><\/li><li><i><span>Premio Fundaci\u00f3n Nuevo Mundo<\/span><\/i><span>, Museo Nacional de Bellas Artes, Buenos Aires. <\/span><\/li><li><i><span>Urban Argentine Art, <\/span><\/i><span>Michael Leonard &amp; Asoc., New York, Estados Unidos.<\/span><\/li><\/ul><p>\u00a0<\/p><p><strong>1991 \u00a0<\/strong><\/p><ul><li><i><span style=\"font-weight: 400;\">Premio Braque<\/span><\/i><span style=\"font-weight: 400;\">, Museo de Arte Moderno, Buenos Aires. [primera menci\u00f3n]<\/span><\/li><li><i><span style=\"font-weight: 400;\">Premio Gunther,<\/span><\/i><span style=\"font-weight: 400;\"> CAYC, Buenos Aires.<\/span><\/li><li><i><span style=\"font-weight: 400;\">Premio Joven Pintura Argentina,<\/span><\/i><span style=\"font-weight: 400;\"> Fundaci\u00f3n Fortabat, Buenos Aires.<\/span><\/li><li><i><span style=\"font-weight: 400;\">Premio Fundaci\u00f3n Nuevo Mundo<\/span><\/i><span style=\"font-weight: 400;\">, Museo Nacional de Bellas Artes, Buenos Aires.\u00a0<\/span><\/li><\/ul><p>\u00a0<\/p><p><strong>1990<\/strong><\/p><ul><li><i>No al indulto<\/i>, Muestra de arte postal, Centro Cultural Rivadavia, Rosario.<\/li><li><i>Caprile, Del R\u00edo, Garc\u00eda, Gonz\u00e1lez Su\u00e1rez, P\u00e9rez<\/i>, Librer\u00eda HomoSapiens, Rosario.<\/li><li><i>TOMARTE<\/i>, Bienal Alternativa, Rosario.<\/li><\/ul><p>\u00a0<\/p><p><strong>1989<\/strong><\/p><ul><li><span style=\"font-weight: 400;\">Sal\u00f3n Nacional de Rosario, Museo Juan B. Castagnino, Rosario.<\/span><\/li><li><i><span style=\"font-weight: 400;\">La escritura de lo visible: Pizarrones para armar<\/span><\/i><span style=\"font-weight: 400;\">, acci\u00f3n y videoinstalaci\u00f3n con participaci\u00f3n del p\u00fablico, junto con G. Gonz\u00e1lez Su\u00e1rez, Centro Cultural Rivadavia, Rosario.<\/span><\/li><li><span style=\"font-weight: 400;\">Sal\u00f3n Anual, Santa Fe.<\/span><\/li><li><span style=\"font-weight: 400;\">Sal\u00f3n Nacional de Rosario, Museo Juan B. Castagnino, Rosario. (Menci\u00f3n Honor\u00edfica)<\/span><\/li><\/ul><p>\u00a0<\/p><p><strong>1987 <\/strong>\u00a0<\/p><ul><li><i>Premio Jockey Club,<\/i> Sal\u00f3n Anual de Santa Fe.<\/li><li><i>Premio Canal 13 de Santa Fe,<\/i> Sal\u00f3n de aspirantes a beca, Santa Fe.<\/li><li>Sal\u00f3n Nacional de Rosario, Museo Juan B. Castagnino, Rosario.<\/li><li>Sal\u00f3n Anual de Aspirantes a Beca, Museo Rosa Galisteo de Rodr\u00edguez, Rosario.<\/li><\/ul><p>\u00a0<\/p><p><strong>1985<\/strong><\/p><ul><li><i><span style=\"font-weight: 400;\">Libroobjetos<\/span><\/i><span style=\"font-weight: 400;\">, Galer\u00eda Mir\u00f3, Rosario (junto a Gabriel Gonz\u00e1lez Su\u00e1rez)<\/span><\/li><\/ul><p>\u00a0<\/p><p><strong>1984<\/strong><\/p><ul><li><i><span style=\"font-weight: 400;\">Garc\u00eda, Marcaccio, Sambucety<\/span><\/i><span style=\"font-weight: 400;\">, Sala de exposiciones de FATA, Rosario.<\/span><\/li><li><span style=\"font-weight: 400;\">3er Sal\u00f3n de Becarios, Museo Juan B. Castagnino, Rosario.<\/span><\/li><li><span style=\"font-weight: 400;\">Sal\u00f3n Artistas Rosarinos.<\/span><\/li><li><span style=\"font-weight: 400;\">Sal\u00f3n Anual de Santa Fe.<\/span><\/li><li><i><span style=\"font-weight: 400;\">Rosarinos en Buenos Aires (Chirife, Garc\u00eda, Marcaccio, Prieto, Sacco)<\/span><\/i><span style=\"font-weight: 400;\">, Fundaci\u00f3n Arche, Buenos Aires.<\/span><\/li><li><span style=\"font-weight: 400;\">\u00a0Sal\u00f3n Anual de Santa Fe.<\/span><\/li><li><span style=\"font-weight: 400;\">Premio Arcien, Santa Fe.<\/span><\/li><li><span style=\"font-weight: 400;\">Premio ESSO de Grabado y Pintura, Museo Eduardo S\u00edvori, Buenos Aires.<\/span><\/li><li><span style=\"font-weight: 400;\">Premio Fundaci\u00f3n Lan\u00fas, Fondo Nacional de las Artes, Buenos Aires.\u00a0<\/span><\/li><\/ul><p>\u00a0<\/p><p><strong>1982<\/strong><\/p><ul><li><span style=\"font-weight: 400;\">Sal\u00f3n de Artistas Rosarinos, Museo Juan B. Castagnino, Rosario.<\/span><\/li><li><span style=\"font-weight: 400;\">Sal\u00f3n Nacional de Rosario, Museo Juan B. Castagnino, Rosario.<\/span><\/li><li><span style=\"font-weight: 400;\">Museo Municipal de Artes Visuales Sor Josefa D\u00edaz y Clucellas, Santa Fe.<\/span><\/li><\/ul><p>\u00a0<\/p><p><strong>1981<\/strong><\/p><ul><li><span style=\"font-weight: 400;\">Sal\u00f3n de Artistas Pl\u00e1sticos Rosarinos, Museo Juan B. Castagnino, Rosario.<\/span><\/li><li><span style=\"font-weight: 400;\">Sal\u00f3n Anual de Santa Fe, Museo Rosa Galisteo de Rodr\u00edguez. <\/span><\/li><\/ul><\/div>\n\t\t\t\t<\/div>\n\t\t\t\t\t\t\t<div class=\"elementor-accordion-item\">\n\t\t\t\t\t<div id=\"elementor-tab-title-2373\" class=\"elementor-tab-title\" data-tab=\"3\" role=\"tab\" aria-controls=\"elementor-tab-content-2373\" aria-expanded=\"false\">\n\t\t\t\t\t\t\t\t\t\t\t\t\t<span class=\"elementor-accordion-icon elementor-accordion-icon-left\" aria-hidden=\"true\">\n\t\t\t\t\t\t\t\t\t\t\t\t\t\t\t<span class=\"elementor-accordion-icon-closed\"><i class=\"fas fa-long-arrow-alt-right\"><\/i><\/span>\n\t\t\t\t\t\t\t\t<span class=\"elementor-accordion-icon-opened\"><i class=\"fas fa-long-arrow-alt-down\"><\/i><\/span>\n\t\t\t\t\t\t\t\t\t\t\t\t\t\t<\/span>\n\t\t\t\t\t\t\t\t\t\t\t\t<a class=\"elementor-accordion-title\" href=\"\">Premios (selecci\u00f3n)<\/a>\n\t\t\t\t\t<\/div>\n\t\t\t\t\t<div id=\"elementor-tab-content-2373\" class=\"elementor-tab-content elementor-clearfix\" data-tab=\"3\" role=\"tabpanel\" aria-labelledby=\"elementor-tab-title-2373\"><p><b>2021<\/b><\/p><ul><li><i><span style=\"font-weight: 400;\">Segundo premio, secci\u00f3n pintura<\/span><\/i><span style=\"font-weight: 400;\">, Sal\u00f3n Nacional de Artes Visuales, Buenos Aires <\/span><\/li><\/ul><p>\u00a0<\/p><p><b>2019<\/b><\/p><ul><li><i><span style=\"font-weight: 400;\">Premio en Obras Bidimensionales, Secci\u00f3n Pintura<\/span><\/i><span style=\"font-weight: 400;\">,<\/span> <span style=\"font-weight: 400;\">Concurso de Artes Visuales 2018, Fondo Nacional de las Artes, Buenos Aires <\/span><\/li><li><i><span style=\"font-weight: 400;\">Mejor Arte de Tapa<\/span><\/i><span style=\"font-weight: 400;\">, Premios Rosario Edita 2018, Rosario<\/span><\/li><\/ul><p>\u00a0<\/p><p><b>2008<\/b><\/p><ul><li><i><span style=\"font-weight: 400;\">Premio Fondo Nacional de las Artes a las Artes Pl\u00e1sticas<\/span><\/i><span style=\"font-weight: 400;\">, Buenos Aires<\/span><\/li><\/ul><p>\u00a0<\/p><p><b>2002<\/b><\/p><ul><li><i><span style=\"font-weight: 400;\">Diploma al M\u00e9rito<\/span><\/i><span style=\"font-weight: 400;\">, Fundaci\u00f3n Konex, Buenos Aires\u2022 <\/span><i><span style=\"font-weight: 400;\">Konex de Platino<\/span><\/i><span style=\"font-weight: 400;\">, Fundaci\u00f3n Konex, Buenos Aires. <\/span><\/li><\/ul><p>\u00a0<\/p><p><b>2001<\/b><\/p><ul><li><i><span style=\"font-weight: 400;\">3\u00ba Premio<\/span><\/i><span style=\"font-weight: 400;\"> Sal\u00f3n Nacional de Rosario, Museo Juan B. Castagnino. <\/span><\/li><\/ul><p>\u00a0<\/p><p><b>1997<\/b><\/p><ul><li><span style=\"font-weight: 400;\">\u2022 <\/span><i><span style=\"font-weight: 400;\">Segundo Premio adquisici\u00f3n<\/span><\/i><span style=\"font-weight: 400;\">, Premios Colecci\u00f3n Costantini, MNBA. <\/span><\/li><\/ul><p>\u00a0<\/p><p><b>1996<\/b><\/p><ul><li><i><span style=\"font-weight: 400;\">Primer premio<\/span><\/i><span style=\"font-weight: 400;\">, Premio Austria, MNBA <\/span><\/li><li><i><span style=\"font-weight: 400;\">Artista joven del a\u00f1o 1995<\/span><\/i><span style=\"font-weight: 400;\"> Asociaci\u00f3n Argentina de Cr\u00edticos de Arte, Buenos Aires <\/span><\/li><li><i><span style=\"font-weight: 400;\">Primer Premio Regional<\/span><\/i><span style=\"font-weight: 400;\">, Premios Fundaci\u00f3n Mayorazgo, MNBA. <\/span><\/li><\/ul><p>\u00a0<\/p><p><b>1994<\/b><\/p><ul><li><i><span style=\"font-weight: 400;\">Beca a la Creaci\u00f3n Art\u00edstica<\/span><\/i><span style=\"font-weight: 400;\">, Fundaci\u00f3n Antorchas, Buenos Aires. <\/span><\/li><li><i><span style=\"font-weight: 400;\">Primer Premio de Premiados<\/span><\/i><span style=\"font-weight: 400;\">, Fundaci\u00f3n Nuevo Mundo, MNBA.<\/span><\/li><\/ul><p>\u00a0<\/p><p><b>1993<\/b><\/p><ul><li><i><span style=\"font-weight: 400;\">2\u00ba Premio<\/span><\/i><span style=\"font-weight: 400;\">, Premio Gunther, CAYC, Buenos Aires. <\/span><\/li><\/ul><p>\u00a0<\/p><p><b>1992<\/b><\/p><ul><li><i><span style=\"font-weight: 400;\">Premio Especial<\/span><\/i><span style=\"font-weight: 400;\">, Premio Fundaci\u00f3n Nuevo Mundo, Buenos Aires. <\/span><\/li><\/ul><p>\u00a0<\/p><p><b>1991<\/b><\/p><ul><li><i><span style=\"font-weight: 400;\">2\u00ba Premio, <\/span><\/i><span style=\"font-weight: 400;\">Premio Braque, Museo de Arte Moderno, Buenos Aires. <\/span><b><\/b><\/li><\/ul><p>\u00a0<\/p><p><b>1988<\/b><\/p><ul><li><i><span style=\"font-weight: 400;\">Menci\u00f3n Honor\u00edfica, <\/span><\/i><span style=\"font-weight: 400;\">Sal\u00f3n Nacional de Rosario, Museo Juan B. Castagnino. <\/span><\/li><\/ul><p>\u00a0<\/p><p><b>1987<\/b><\/p><ul><li><span style=\"font-weight: 400;\">Premio Jockey Club, Sal\u00f3n Anual de Santa Fe, Museo Rosa Galisteo de Rodriguez <\/span><\/li><li><span style=\"font-weight: 400;\">Premio Canal 13, Sal\u00f3n de aspirantes a Beca, Museo Rosa Galisteo de Rodriguez, Santa Fe. <\/span><\/li><\/ul><p>\u00a0<\/p><p><b>1982<\/b><\/p><ul><li><span style=\"font-weight: 400;\">Beca Secci\u00f3n Dibujo, Sal\u00f3n de Artistas Rosarinos, Museo Juan B. Castagnino. <\/span><\/li><\/ul><p>\u00a0<\/p><p><b>1981<\/b><\/p><ul><li><span style=\"font-weight: 400;\">\u00a02\u00ba Premio Secci\u00f3n Dibujo, Sal\u00f3n de Artistas Rosarinos, Museo Juan B. Castagnino.<\/span><\/li><\/ul><\/div>\n\t\t\t\t<\/div>\n\t\t\t\t\t\t\t<div class=\"elementor-accordion-item\">\n\t\t\t\t\t<div id=\"elementor-tab-title-2374\" class=\"elementor-tab-title\" data-tab=\"4\" role=\"tab\" aria-controls=\"elementor-tab-content-2374\" aria-expanded=\"false\">\n\t\t\t\t\t\t\t\t\t\t\t\t\t<span class=\"elementor-accordion-icon elementor-accordion-icon-left\" aria-hidden=\"true\">\n\t\t\t\t\t\t\t\t\t\t\t\t\t\t\t<span class=\"elementor-accordion-icon-closed\"><i class=\"fas fa-long-arrow-alt-right\"><\/i><\/span>\n\t\t\t\t\t\t\t\t<span class=\"elementor-accordion-icon-opened\"><i class=\"fas fa-long-arrow-alt-down\"><\/i><\/span>\n\t\t\t\t\t\t\t\t\t\t\t\t\t\t<\/span>\n\t\t\t\t\t\t\t\t\t\t\t\t<a class=\"elementor-accordion-title\" href=\"\">Residencias<\/a>\n\t\t\t\t\t<\/div>\n\t\t\t\t\t<div id=\"elementor-tab-content-2374\" class=\"elementor-tab-content elementor-clearfix\" data-tab=\"4\" role=\"tabpanel\" aria-labelledby=\"elementor-tab-title-2374\"><p><strong>1994<\/strong><\/p><ul><li><span style=\"font-weight: 400;\">Residencia temporaria en los Estudios Pontoise, Centre d\u2019 Art D\u2019 Herblay, Francia. <\/span><\/li><\/ul><\/div>\n\t\t\t\t<\/div>\n\t\t\t\t\t\t\t<div class=\"elementor-accordion-item\">\n\t\t\t\t\t<div id=\"elementor-tab-title-2375\" class=\"elementor-tab-title\" data-tab=\"5\" role=\"tab\" aria-controls=\"elementor-tab-content-2375\" aria-expanded=\"false\">\n\t\t\t\t\t\t\t\t\t\t\t\t\t<span class=\"elementor-accordion-icon elementor-accordion-icon-left\" aria-hidden=\"true\">\n\t\t\t\t\t\t\t\t\t\t\t\t\t\t\t<span class=\"elementor-accordion-icon-closed\"><i class=\"fas fa-long-arrow-alt-right\"><\/i><\/span>\n\t\t\t\t\t\t\t\t<span class=\"elementor-accordion-icon-opened\"><i class=\"fas fa-long-arrow-alt-down\"><\/i><\/span>\n\t\t\t\t\t\t\t\t\t\t\t\t\t\t<\/span>\n\t\t\t\t\t\t\t\t\t\t\t\t<a class=\"elementor-accordion-title\" href=\"\">Libros publicados<\/a>\n\t\t\t\t\t<\/div>\n\t\t\t\t\t<div id=\"elementor-tab-content-2375\" class=\"elementor-tab-content elementor-clearfix\" data-tab=\"5\" role=\"tabpanel\" aria-labelledby=\"elementor-tab-title-2375\"><p><strong>2020<\/strong><\/p><ul><li><i><span style=\"font-weight: 400;\">Algunas flores<\/span><\/i><span style=\"font-weight: 400;\">. Gilda Di Crosta y Daniel Garc\u00eda. Editorial Ivan Rosado, Rosario<\/span><\/li><\/ul><p><strong>2015<\/strong><\/p><ul><li><i><span style=\"font-weight: 400;\">Bandido<\/span><\/i><span style=\"font-weight: 400;\">, Daniel Garc\u00eda, Editorial Ivan Rosado, Rosario<\/span><\/li><\/ul><p>\u00a0<\/p><p><strong>2014<\/strong><\/p><ul><li><i><span style=\"font-weight: 400;\">Un gato que camina solo<\/span><\/i><span style=\"font-weight: 400;\">, Daniel Garc\u00eda, Editorial Ivan Rosado, Rosario<\/span><\/li><\/ul><p>\u00a0<\/p><p><strong>2012<\/strong><\/p><p><i><span style=\"font-weight: 400;\">Casi boyitas<\/span><\/i><span style=\"font-weight: 400;\">, Gilda Di Crosta y Daniel Garc\u00eda, Editorial Yo soy Gilda, Rosario<\/span><\/p><p>\u00a0<\/p><p><span style=\"font-weight: 400;\">Desde 1991 hasta 2019 ha ilustrado regularmente las portadas de los libros de Beatriz Viterbo Editora de Rosario, as\u00ed como ocasionalmente de otras editoriales (Bulk, Planeta, etc).<\/span><\/p><\/div>\n\t\t\t\t<\/div>\n\t\t\t\t\t\t\t<div class=\"elementor-accordion-item\">\n\t\t\t\t\t<div id=\"elementor-tab-title-2376\" class=\"elementor-tab-title\" data-tab=\"6\" role=\"tab\" aria-controls=\"elementor-tab-content-2376\" aria-expanded=\"false\">\n\t\t\t\t\t\t\t\t\t\t\t\t\t<span class=\"elementor-accordion-icon elementor-accordion-icon-left\" aria-hidden=\"true\">\n\t\t\t\t\t\t\t\t\t\t\t\t\t\t\t<span class=\"elementor-accordion-icon-closed\"><i class=\"fas fa-long-arrow-alt-right\"><\/i><\/span>\n\t\t\t\t\t\t\t\t<span class=\"elementor-accordion-icon-opened\"><i class=\"fas fa-long-arrow-alt-down\"><\/i><\/span>\n\t\t\t\t\t\t\t\t\t\t\t\t\t\t<\/span>\n\t\t\t\t\t\t\t\t\t\t\t\t<a class=\"elementor-accordion-title\" href=\"\">Colecciones<\/a>\n\t\t\t\t\t<\/div>\n\t\t\t\t\t<div id=\"elementor-tab-content-2376\" class=\"elementor-tab-content elementor-clearfix\" data-tab=\"6\" role=\"tabpanel\" aria-labelledby=\"elementor-tab-title-2376\"><p><span style=\"font-weight: 400;\">Hay obra de su autor\u00eda en diversas colecciones p\u00fablicas: Museo Castagnino+macro, Rosario; Museo Nacional de Bellas Artes, Buenos Aires; Malba, Museo de Arte Latinoamericano, Colecci\u00f3n Costantini, Buenos Aires; Museo Emilio Caraffa, C\u00f3rdoba; Museo Dr. Juan Ram\u00f3n Vidal, Corrientes; Museo de Arte Contempor\u00e1neo, Salta; Museo de Arte Contempor\u00e1neo, Bah\u00eda Blanca; Fondo Nacional de las Artes, Buenos Aires, y Hess Art Collection, Colom\u00e9, Salta y Napa Valley, USA. <\/span><\/p><\/div>\n\t\t\t\t<\/div>\n\t\t\t\t\t\t\t\t\t\t<script type=\"application\/ld+json\">{\"@context\":\"https:\\\/\\\/schema.org\",\"@type\":\"FAQPage\",\"mainEntity\":[{\"@type\":\"Question\",\"name\":\"Selecci\\u00f3n de muestras individuales\",\"acceptedAnswer\":{\"@type\":\"Answer\",\"text\":\"<p><strong>2022<\\\/strong><\\\/p><ul><li><i><span style=\\\"font-weight: 400;\\\">Trance<\\\/span><\\\/i><span style=\\\"font-weight: 400;\\\">. Museo Castagnino, Rosario<\\\/span><\\\/li><li><i><span style=\\\"font-weight: 400;\\\">Cuadros en una pared<\\\/span><\\\/i><span style=\\\"font-weight: 400;\\\">, Galer\\u00eda Mar dulce, Buenos Aires<\\\/span><\\\/li><\\\/ul><p>\\u00a0<\\\/p><p><strong>2021<\\\/strong><\\\/p><ul><li><i><span style=\\\"font-weight: 400;\\\">Encuentros<\\\/span><\\\/i><span style=\\\"font-weight: 400;\\\">. Museo de Arte Decorativo Firma y Odilo Est\\u00e9vez, Rosario<\\\/span><\\\/li><\\\/ul><p>\\u00a0<\\\/p><p><strong>2020<\\\/strong><\\\/p><ul><li><i><span style=\\\"font-weight: 400;\\\">Identidades<\\\/span><\\\/i><span style=\\\"font-weight: 400;\\\">, Galer\\u00eda EstudioG, Rosario<\\\/span><\\\/li><li><i><span style=\\\"font-weight: 400;\\\">Figuras<\\\/span><\\\/i><span style=\\\"font-weight: 400;\\\">, Galer\\u00eda EstudioG, Rosario<\\\/span><\\\/li><\\\/ul><p>\\u00a0<\\\/p><p><strong>2019<\\\/strong><\\\/p><ul><li><i><span style=\\\"font-weight: 400;\\\">Damas de Shangh\\u00e1i<\\\/span><\\\/i><span style=\\\"font-weight: 400;\\\">, Gachi Prieto Arte Contempor\\u00e1neo, Buenos Aires<\\\/span><\\\/li><li><i><span style=\\\"font-weight: 400;\\\">Peque\\u00f1as pinturas de Flores<\\\/span><\\\/i><span style=\\\"font-weight: 400;\\\">, Galer\\u00eda Mar dulce, Buenos Aires<\\\/span><\\\/li><\\\/ul><p>\\u00a0<\\\/p><p><strong>2018<\\\/strong>\\u00a0<\\\/p><ul><li><i><span style=\\\"font-weight: 400;\\\">Damas de Shangh\\u00e1i<\\\/span><\\\/i><span style=\\\"font-weight: 400;\\\">, Fundaci\\u00f3n Osde, Rosario<\\\/span><\\\/li><li><i><span style=\\\"font-weight: 400;\\\">Algunas Flores<\\\/span><\\\/i><span style=\\\"font-weight: 400;\\\">, Galer\\u00eda EstudioG, Rosario<\\\/span><\\\/li><\\\/ul><p>\\u00a0<\\\/p><p><strong>2017<\\\/strong>\\u00a0<\\\/p><ul><li><i><span style=\\\"font-weight: 400;\\\">Acr\\u00f3batas en El C\\u00edrculo<\\\/span><\\\/i><span style=\\\"font-weight: 400;\\\">, Sala Trillas, Teatro El C\\u00edrculo, Rosario<\\\/span><\\\/li><\\\/ul><p>\\u00a0<\\\/p><p><strong>2016<\\\/strong><\\\/p><ul><li><i><span style=\\\"font-weight: 400;\\\">Acr\\u00f3batas y Lobos<\\\/span><\\\/i><span style=\\\"font-weight: 400;\\\">, Galer\\u00eda Isabel Anchorena, Buenos Aires<\\\/span><\\\/li><li><i><span style=\\\"font-weight: 400;\\\">Otros Acr\\u00f3batas<\\\/span><\\\/i><span style=\\\"font-weight: 400;\\\">, Galer\\u00eda Mar dulce, Buenos Aires<\\\/span><\\\/li><\\\/ul><p>\\u00a0<\\\/p><p><strong>2015<\\\/strong><\\\/p><ul><li><i><span style=\\\"font-weight: 400;\\\">Peque\\u00f1as creaturas<\\\/span><\\\/i><span style=\\\"font-weight: 400;\\\">, Galer\\u00eda Mar dulce, Buenos Aires<\\\/span><\\\/li><li><i><span style=\\\"font-weight: 400;\\\">Acr\\u00f3batas<\\\/span><\\\/i><span style=\\\"font-weight: 400;\\\">, Mal de Archivo, Rosario<\\\/span><\\\/li><\\\/ul><p>\\u00a0<\\\/p><p><strong>2014\\u00a0<\\\/strong><\\\/p><ul><li><i><span style=\\\"font-weight: 400;\\\">Un gato que camina solo<\\\/span><\\\/i><span style=\\\"font-weight: 400;\\\">, Club Editorial R\\u00edo Paran\\u00e1, Rosario<\\\/span><\\\/li><\\\/ul><p>\\u00a0<\\\/p><p><strong>2013<\\\/strong><\\\/p><ul><li><i><span style=\\\"font-weight: 400;\\\">Casi boyitas<\\\/span><\\\/i><span style=\\\"font-weight: 400;\\\">, Galer\\u00eda Mar dulce, Buenos Aires.<\\\/span><\\\/li><\\\/ul><p>\\u00a0<\\\/p><p><strong>2012<\\\/strong>\\u00a0<\\\/p><ul><li><i><span style=\\\"font-weight: 400;\\\">Corpus<\\\/span><\\\/i><span style=\\\"font-weight: 400;\\\">, ECU, Espacio Cultural Universitario, Rosario.<\\\/span><\\\/li><li><i><span style=\\\"font-weight: 400;\\\">Nachleben<\\\/span><\\\/i><span style=\\\"font-weight: 400;\\\">, Centro Cultural Haroldo Conti, Buenos Aires.<\\\/span><\\\/li><li><i><span style=\\\"font-weight: 400;\\\">Ad astra per aspera<\\\/span><\\\/i><span style=\\\"font-weight: 400;\\\">, Museo del Diario La Capital, Rosario.<\\\/span><\\\/li><li><i><span style=\\\"font-weight: 400;\\\">Elogio de la obsolescencia<\\\/span><\\\/i><span style=\\\"font-weight: 400;\\\">, Museo de Arte Contempor\\u00e1neo, Salta.<\\\/span><\\\/li><\\\/ul><p>\\u00a0<\\\/p><p><strong>2011<\\\/strong><\\\/p><ul><li><i><span style=\\\"font-weight: 400;\\\">Nocturno<\\\/span><\\\/i><span style=\\\"font-weight: 400;\\\">, Galer\\u00eda Zavaleta Lab, Buenos Aires.<\\\/span><\\\/li><li><i><span style=\\\"font-weight: 400;\\\">Ad capite ad calcem<\\\/span><\\\/i><span style=\\\"font-weight: 400;\\\">, Ivan Rosado, Rosario.<\\\/span><\\\/li><\\\/ul><p>\\u00a0<\\\/p><p><strong>2010<\\\/strong><\\\/p><ul><li><i><span style=\\\"font-weight: 400;\\\">Retrovisor<\\\/span><\\\/i><span style=\\\"font-weight: 400;\\\">. Museo Emilio Caraffa, C\\u00f3rdoba<\\\/span><\\\/li><\\\/ul><p>\\u00a0<\\\/p><p><strong>2009 <\\\/strong><\\\/p><ul><li><i><span style=\\\"font-weight: 400;\\\">Bandido. Selecci\\u00f3n de obras 2001-2009<\\\/span><\\\/i><span style=\\\"font-weight: 400;\\\">, Centro Cultural de Espa\\u00f1a, Rosario.\\u00a0<\\\/span><\\\/li><li><i><span style=\\\"font-weight: 400;\\\">Heter\\u00f3clito<\\\/span><\\\/i><span style=\\\"font-weight: 400;\\\">, Teatro Auditorium, Mar del Plata<\\\/span><\\\/li><\\\/ul><p>\\u00a0<\\\/p><p><strong>2008\\u00a0<\\\/strong><\\\/p><ul><li><i><span style=\\\"font-weight: 400;\\\">Tanto tiempo sin verte<\\\/span><\\\/i><span style=\\\"font-weight: 400;\\\">, Galer\\u00eda Zavaleta Lab, Buenos Aires.<\\\/span><\\\/li><li><i><span style=\\\"font-weight: 400;\\\">Remordimientos y silencios<\\\/span><\\\/i><span style=\\\"font-weight: 400;\\\">, Espacio de Arte AMIA, Buenos Aires.<\\\/span><\\\/li><li><i><span style=\\\"font-weight: 400;\\\">Heter\\u00f3clito<\\\/span><\\\/i><span style=\\\"font-weight: 400;\\\">, Macro (Museo de Arte Contempor\\u00e1neo de Rosario), Rosario<\\\/span><\\\/li><\\\/ul><p>\\u00a0<\\\/p><p><strong>2007 <\\\/strong>\\u00a0<\\\/p><ul><li><i><span style=\\\"font-weight: 400;\\\">Ghost Town<\\\/span><\\\/i><span style=\\\"font-weight: 400;\\\">, Galer\\u00eda Cord\\u00f3n Plateado, Rosario.<\\\/span><\\\/li><li><i><span style=\\\"font-weight: 400;\\\">El mal menor<\\\/span><\\\/i><span style=\\\"font-weight: 400;\\\">, Museo de Bellas Artes Rene Brusau, Resistencia<\\\/span><\\\/li><li><i><span style=\\\"font-weight: 400;\\\">El mal menor<\\\/span><\\\/i><span style=\\\"font-weight: 400;\\\">, Museo de Bellas Artes Juan R. Vidal, Corrientes<\\\/span><\\\/li><\\\/ul><p>\\u00a0<\\\/p><p><strong>2006 <\\\/strong><\\\/p><ul><li><i><span style=\\\"font-weight: 400;\\\">El mal menor<\\\/span><\\\/i><span style=\\\"font-weight: 400;\\\">, Pecatta Minuta, Rosario<\\\/span><\\\/li><\\\/ul><p>\\u00a0<\\\/p><p><strong>2005 \\u00a0<\\\/strong><\\\/p><ul><li><i><span style=\\\"font-weight: 400;\\\">Interior<\\\/span><\\\/i><span style=\\\"font-weight: 400;\\\">, Sala Trillas, Teatro El C\\u00edrculo, Rosario<\\\/span><\\\/li><\\\/ul><p>\\u00a0<\\\/p><p><strong>2004 <\\\/strong><\\\/p><ul><li><span style=\\\"font-weight: 400;\\\">Galer\\u00eda Stein, Rosario<\\\/span><\\\/li><\\\/ul><p>\\u00a0<\\\/p><p><strong>2003<\\\/strong><\\\/p><ul><li><i><span style=\\\"font-weight: 400;\\\">Remordimientos<\\\/span><\\\/i><span style=\\\"font-weight: 400;\\\">, Museo Castagnino, Rosario<\\\/span><\\\/li><li><i><span style=\\\"font-weight: 400;\\\">Defensas<\\\/span><\\\/i><span style=\\\"font-weight: 400;\\\">, Museo de Arte Contempor\\u00e1neo, UNAM, Posadas\\u00a0<\\\/span><\\\/li><li><i><span style=\\\"font-weight: 400;\\\">Tuberculosis<\\\/span><\\\/i><span style=\\\"font-weight: 400;\\\">, Centro Cultural Islas Malvinas, La Plata<\\\/span><\\\/li><li><i><span style=\\\"font-weight: 400;\\\">Bondage<\\\/span><\\\/i><span style=\\\"font-weight: 400;\\\">, Museo Nacional de Bellas Artes, Buenos Aires<\\\/span><\\\/li><\\\/ul><p>\\u00a0<\\\/p><p><strong>2002 <\\\/strong><\\\/p><ul><li><span style=\\\"font-weight: 400;\\\">Viajes, citas y otros compromisos, Galer\\u00eda Ruth Benzacar, Buenos Aires\\u00a0<\\\/span><\\\/li><\\\/ul><p>\\u00a0<\\\/p><p><strong>2000<\\\/strong><\\\/p><ul><li><span style=\\\"font-weight: 400;\\\">Galer\\u00eda Ramis Barquet, New York, USA<\\\/span><\\\/li><li><span style=\\\"font-weight: 400;\\\">Blue Star Art Space, San Antonio, Texas.<\\\/span><\\\/li><li><span style=\\\"font-weight: 400;\\\">Centro Cultural Parque de Espa\\u00f1a, Rosario.<\\\/span><\\\/li><\\\/ul><p>\\u00a0<\\\/p><p><strong>1999<\\\/strong><\\\/p><ul><li><span style=\\\"font-weight: 400;\\\">Sicardi Gallery, Houston, Texas.<\\\/span><\\\/li><\\\/ul><p>\\u00a0<\\\/p><p><strong>1998<\\\/strong><\\\/p><ul><li><span style=\\\"font-weight: 400;\\\">Galer\\u00eda OMR, M\\u00e9xico DF, M\\u00e9xico.<\\\/span><\\\/li><\\\/ul><p>\\u00a0<\\\/p><p><strong>1997<\\\/strong><\\\/p><ul><li><span style=\\\"font-weight: 400;\\\">Centro Cultural Recoleta, Buenos Aires.<\\\/span><\\\/li><li><span style=\\\"font-weight: 400;\\\">Teatro Auditorium, Mar del Plata.<\\\/span><\\\/li><\\\/ul><p>\\u00a0<\\\/p><p><strong>1996<\\\/strong><\\\/p><ul><li><span style=\\\"font-weight: 400;\\\">Museo de Arte Contempor\\u00e1neo, Bah\\u00eda Blanca.<\\\/span><\\\/li><li><span style=\\\"font-weight: 400;\\\">Fundaci\\u00f3n Banco Patricios, Buenos Aires.<\\\/span><\\\/li><\\\/ul><p>\\u00a0<\\\/p><p><strong>1995 <\\\/strong><\\\/p><ul><li><span style=\\\"font-weight: 400;\\\">Galer\\u00eda Ruth Benzacar, Buenos Aires.<\\\/span><\\\/li><\\\/ul><p>\\u00a0<\\\/p><p><strong>1994<\\\/strong><\\\/p><ul><li><span style=\\\"font-weight: 400;\\\">Fredric Snitzer Gallery, Coral Gables, Florida.<\\\/span><\\\/li><\\\/ul><p>\\u00a0<\\\/p><p><strong>1993<\\\/strong><\\\/p><ul><li><span style=\\\"font-weight: 400;\\\">Galer\\u00eda Sara Garc\\u00eda Uriburu, Buenos Aires (junto a Daniel Besoytaorube).<\\\/span><\\\/li><\\\/ul><p>\\u00a0<\\\/p><p><strong>1991<\\\/strong><\\\/p><ul><li><i><span style=\\\"font-weight: 400;\\\">Despojos y Banderas<\\\/span><\\\/i><span style=\\\"font-weight: 400;\\\">, Centro Cultural Recoleta, Buenos Aires. (junto a Gabriel Gonz\\u00e1lez Su\\u00e1rez).<\\\/span><\\\/li><li><i><span style=\\\"font-weight: 400;\\\">Silencio<\\\/span><\\\/i><span style=\\\"font-weight: 400;\\\">, Biblioteca Argentina Dr. Juan Alvarez, Rosario.<\\\/span><\\\/li><li><span style=\\\"font-weight: 400;\\\">Sala de exposiciones Librer\\u00eda Homo Sapiens, Rosario<\\\/span><\\\/li><li><span style=\\\"font-weight: 400;\\\">Harrods en el arte, Galer\\u00eda Castagnino, Buenos Aires.<\\\/span><\\\/li><\\\/ul><p>\\u00a0<\\\/p><p><strong>1990\\u00a0<\\\/strong><\\\/p><ul><li><i><span style=\\\"font-weight: 400;\\\">Despojos<\\\/span><\\\/i><span style=\\\"font-weight: 400;\\\">, Biblioteca Argentina Dr. Juan Alvarez, Rosario.<\\\/span><\\\/li><li><span style=\\\"font-weight: 400;\\\">Centro Cultural Rivadavia, Rosario.<\\\/span><\\\/li><\\\/ul><p>\\u00a0<\\\/p><p><strong>1989<\\\/strong><\\\/p><ul><li><i><span style=\\\"font-weight: 400;\\\">Corazonada<\\\/span><\\\/i><span style=\\\"font-weight: 400;\\\">, Galer\\u00eda Santill\\u00e1n, Rosario.<\\\/span><\\\/li><li><i><span style=\\\"font-weight: 400;\\\">Cartones y Papeles<\\\/span><\\\/i><span style=\\\"font-weight: 400;\\\">, Centro Cultural Parque Alem, Rosario.<\\\/span><\\\/li><\\\/ul><p>\\u00a0<\\\/p><p><strong>1988<\\\/strong><\\\/p><ul><li><span style=\\\"font-weight: 400;\\\">Centro Cultural Rivadavia, Rosario<\\\/span><\\\/li><\\\/ul><p>\\u00a0<\\\/p><p><strong>1987<\\\/strong><\\\/p><ul><li><span style=\\\"font-weight: 400;\\\">\\u00a0<\\\/span><i><span style=\\\"font-weight: 400;\\\">21 Dibujos Imperfectos<\\\/span><\\\/i><span style=\\\"font-weight: 400;\\\">, Galer\\u00eda Sala de la Peque\\u00f1a Muestra, Rosario.<\\\/span><\\\/li><li><i><span style=\\\"font-weight: 400;\\\">Trans-Figuraciones<\\\/span><\\\/i><span style=\\\"font-weight: 400;\\\">, Centro de Arquitectos, Rosario.<\\\/span><\\\/li><\\\/ul><p>\\u00a0<\\\/p><p><strong>1985\\u00a0<\\\/strong><\\\/p><ul><li><i><span style=\\\"font-weight: 400;\\\">Homenaje a Dubuffet<\\\/span><\\\/i><span style=\\\"font-weight: 400;\\\">, Galer\\u00eda Mir\\u00f3, Rosario.<\\\/span><\\\/li><\\\/ul><p>\\u00a0<\\\/p><p><strong>1984<\\\/strong><\\\/p><ul><li><span style=\\\"font-weight: 400;\\\">Galer\\u00eda Mir\\u00f3, Rosario.<\\\/span><\\\/li><\\\/ul><p>\\u00a0<\\\/p><p><strong>1983<\\\/strong><\\\/p><ul><li><span style=\\\"font-weight: 400;\\\">\\u00a0Sala Lavard\\u00e9n, Rosario<\\\/span><\\\/li><\\\/ul><p>\\u00a0<\\\/p><p><strong>1982<\\\/strong><\\\/p><ul><li><span style=\\\"font-weight: 400;\\\">\\u00a0Galer\\u00eda Buonarroti, Rosario.<\\\/span><\\\/li><\\\/ul>\"}},{\"@type\":\"Question\",\"name\":\"Selecci\\u00f3n de muestras colectivas\",\"acceptedAnswer\":{\"@type\":\"Answer\",\"text\":\"<p><strong>2022<\\\/strong><\\\/p><ul><li><i><span style=\\\"font-weight: 400;\\\">Espejismos: un ensayo sobre los \\u201990<\\\/span><\\\/i><span style=\\\"font-weight: 400;\\\">, Fundaci\\u00f3n Cazadores, Buenos Aires<\\\/span><\\\/li><li><i><span style=\\\"font-weight: 400;\\\">Ser mirada<\\\/span><\\\/i><span style=\\\"font-weight: 400;\\\">, Galer\\u00eda Local 15 Pasaje Pan, Rosario<\\\/span><\\\/li><\\\/ul><p>\\u00a0<\\\/p><p><strong>2021\\u00a0<\\\/strong><\\\/p><ul><li><i><span style=\\\"font-weight: 400;\\\">La casa invita<\\\/span><\\\/i><span style=\\\"font-weight: 400;\\\">, Smart Gallery, Buenos Aires<\\\/span><\\\/li><\\\/ul><p>\\u00a0<\\\/p><p><strong>2019\\u00a0<\\\/strong><\\\/p><ul><li><i><span style=\\\"font-weight: 400;\\\">Topian Gardens<\\\/span><\\\/i><span style=\\\"font-weight: 400;\\\">, ltd los angeles at Gallery Vacancy, Shanghai, China<\\\/span><\\\/li><li><i><span style=\\\"font-weight: 400;\\\">Dos museos y un r\\u00edo<\\\/span><\\\/i><span style=\\\"font-weight: 400;\\\">, Museo Castagnino + Macro, Rosario<\\\/span><\\\/li><li><i><span style=\\\"font-weight: 400;\\\">Universos Cercanos<\\\/span><\\\/i><span style=\\\"font-weight: 400;\\\">, Casa del Bicentenario, Buenos Aires<\\\/span><\\\/li><li><i><span style=\\\"font-weight: 400;\\\">De coreograf\\u00edas visuales y cuerpxs extra\\u00f1xs<\\\/span><\\\/i><span style=\\\"font-weight: 400;\\\">\\u200b, Gachi Prieto Arte Contempor\\u00e1neo, Buenos Aires<\\\/span><\\\/li><\\\/ul><p>\\u00a0<\\\/p><p><strong>2018<\\\/strong><\\\/p><ul><li><i><span style=\\\"font-weight: 400;\\\">Aquellos b\\u00e1rbaros<\\\/span><\\\/i><span style=\\\"font-weight: 400;\\\">, Museo Castagnino + Macro, Rosario<\\\/span><\\\/li><li><i><span style=\\\"font-weight: 400;\\\">Trayectoria<\\\/span><\\\/i><span style=\\\"font-weight: 400;\\\">, Ungallery, Buenos Aires<\\\/span><\\\/li><li><i><span style=\\\"font-weight: 400;\\\">Arte Argentino. 100 a\\u00f1os en la Colecci\\u00f3n Castagnino + Macro<\\\/span><\\\/i><span style=\\\"font-weight: 400;\\\">. Museo Castagnino + Macro, Rosario<\\\/span><\\\/li><\\\/ul><p>\\u00a0<\\\/p><p><strong>2017\\u00a0<\\\/strong><\\\/p><ul><li><i><span style=\\\"font-weight: 400;\\\">Flores alimentadas de cenizas<\\\/span><\\\/i><span style=\\\"font-weight: 400;\\\"> (Gilda Di Crosta y Daniel Garc\\u00eda), Museo de la Memoria, Rosario<\\\/span><\\\/li><li><i><span style=\\\"font-weight: 400;\\\">Inventario fragmentado: alternativas de una colecci\\u00f3n<\\\/span><\\\/i><span style=\\\"font-weight: 400;\\\">, Museo Palacio Ferreyra, C\\u00f3rdoba<\\\/span><\\\/li><\\\/ul><p>\\u00a0<\\\/p><p><strong>2016<\\\/strong><\\\/p><ul><li><i><span style=\\\"font-weight: 400;\\\">Centro. Formas e Historia del Centro Cultural Recoleta<\\\/span><\\\/i><span style=\\\"font-weight: 400;\\\">, CCR, Buenos Aires<\\\/span><\\\/li><li><i><span style=\\\"font-weight: 400;\\\">Interferencias en la colecci\\u00f3n Bellas Artes<\\\/span><\\\/i><span style=\\\"font-weight: 400;\\\">, Museo Nacional de Bellas Artes, Buenos Aires<\\\/span><\\\/li><li><i><span style=\\\"font-weight: 400;\\\">Diagonal Sur. Arte Argentino Hoy<\\\/span><\\\/i><span style=\\\"font-weight: 400;\\\">. Centro Cultural Borges, Buenos Aires.<\\\/span><\\\/li><\\\/ul><p>\\u00a0<\\\/p><p><strong>2015\\u00a0<\\\/strong><\\\/p><ul><li><i><span style=\\\"font-weight: 400;\\\">Episodio 03<\\\/span><\\\/i><span style=\\\"font-weight: 400;\\\">, Museo de Arte Contempor\\u00e1neo de Rosario, <\\\/span><i><span style=\\\"font-weight: 400;\\\">Macro<\\\/span><\\\/i><\\\/li><\\\/ul><p>\\u00a0<\\\/p><p><strong>2014<\\\/strong><\\\/p><ul><li><i><span style=\\\"font-weight: 400;\\\">El Greco, una mirada contempor\\u00e1nea<\\\/span><\\\/i><span style=\\\"font-weight: 400;\\\">, Museo Nacional de Bellas Artes, Buenos Aires<\\\/span><\\\/li><li><i><span style=\\\"font-weight: 400;\\\">Yo, nosotros, el arte<\\\/span><\\\/i><span style=\\\"font-weight: 400;\\\">, Fundaci\\u00f3n OSDE, Buenos Aires<\\\/span><\\\/li><\\\/ul><p>\\u00a0<\\\/p><p><strong>2012<\\\/strong><\\\/p><ul><li><i><span style=\\\"font-weight: 400;\\\">El Papel del Amigo: caprichos de un curador, Museo Nacional de Bellas Artes, Santiago, Chile (15 marzo-22 de abril)<\\\/span><\\\/i><\\\/li><li><i><span style=\\\"font-weight: 400;\\\">Programa Argentina pinta bien<\\\/span><\\\/i><span style=\\\"font-weight: 400;\\\">, Centro Cultural Recoleta, Buenos Aires.<\\\/span><\\\/li><li><span style=\\\"font-weight: 400;\\\">\\u00a0<\\\/span><i><span style=\\\"font-weight: 400;\\\">Paran\\u00e1 Ra\\u2019anga, Itinerancia<\\\/span><\\\/i><span style=\\\"font-weight: 400;\\\">, Museo de Bellas Artes Juan R. Vidal, Corrientes \\\/ La Redonda.<\\\/span><\\\/li><li><span style=\\\"font-weight: 400;\\\">Arte y Vida Cotidiana, Santa Fe \\\/ Centro Cultural Parque de Espa\\u00f1a, Rosario.<\\\/span><\\\/li><li><i><span style=\\\"font-weight: 400;\\\">Contar historias, microrrelatos en las colecciones nacionales de arte<\\\/span><\\\/i><span style=\\\"font-weight: 400;\\\">, Casa Nacional del<\\\/span>Bicentenario, Buenos Aires.\\u00a0<\\\/li><\\\/ul><p>\\u00a0<\\\/p><p><strong>2011<\\\/strong><\\\/p><ul><li><i><span style=\\\"font-weight: 400;\\\">Paran\\u00e1 Ra\\u2019anga, Itinerancia<\\\/span><\\\/i><span style=\\\"font-weight: 400;\\\">, Centro Cultural Juan de Salazar, Asunci\\u00f3n.\\u00a0<\\\/span><\\\/li><\\\/ul><p>\\u00a0<\\\/p><p><strong>2010<\\\/strong><\\\/p><ul><li><i><span style=\\\"font-weight: 400;\\\">Southern Identity: Contemporary Argentine Art<\\\/span><\\\/i><span style=\\\"font-weight: 400;\\\">, International Gallery of the\\u00a0\\u00a0\\u00a0<\\\/span><span style=\\\"font-weight: 400;\\\">Smithsonian\\u2019s S. Dillon Ripley Center, Washington, D.C.<\\\/span><\\\/li><li><i><span style=\\\"font-weight: 400;\\\">Temblor y fulgor<\\\/span><\\\/i><span style=\\\"font-weight: 400;\\\">, Centro Cultural Haroldo Conti, Buenos Aires.\\u00a0<\\\/span><\\\/li><li><i><span style=\\\"font-weight: 400;\\\">Arte contempor\\u00e1neo en la Fundaci\\u00f3n Alon<\\\/span><\\\/i><span style=\\\"font-weight: 400;\\\">, Fundaci\\u00f3n Alon, Buenos Aires.<\\\/span><\\\/li><li><i><span style=\\\"font-weight: 400;\\\">Artistas del Bicentenario<\\\/span><\\\/i><span style=\\\"font-weight: 400;\\\">, Museo Diario La Capital, Rosario.<\\\/span><\\\/li><li><i><span style=\\\"font-weight: 400;\\\">Rituales<\\\/span><\\\/i><span style=\\\"font-weight: 400;\\\">, Museo Diario La Capital, Rosario.<\\\/span><\\\/li><\\\/ul><p>\\u00a0<\\\/p><p><strong>2009<\\\/strong><\\\/p><ul><li><i><span style=\\\"font-weight: 400;\\\">Dibujo argentino contempor\\u00e1neo, <\\\/span><\\\/i><span style=\\\"font-weight: 400;\\\">ECuNHi, Buenos Aires<\\\/span><\\\/li><li><i><span style=\\\"font-weight: 400;\\\">Premio Trabucco, <\\\/span><\\\/i><span style=\\\"font-weight: 400;\\\">Centro Cultural Borges, Buenos Aires<\\\/span><\\\/li><li><i><span style=\\\"font-weight: 400;\\\">Bienvenidos a la Luna, <\\\/span><\\\/i><span style=\\\"font-weight: 400;\\\">Centro Cultural Parque de Espa\\u00f1a, Rosario<\\\/span><\\\/li><\\\/ul><p>\\u00a0<\\\/p><p><strong>2008<\\\/strong><\\\/p><ul><li><i><span style=\\\"font-weight: 400;\\\">No eres T\\u00fa soy <\\\/span><\\\/i><span style=\\\"font-weight: 400;\\\">Yo (It\\u2019s not You it\\u2019s Me), Oficina#1, Caracas, Venezuela<\\\/span><\\\/li><li><i><span style=\\\"font-weight: 400;\\\">Retratos, <\\\/span><\\\/i><span style=\\\"font-weight: 400;\\\">Espacio de Arte de Fundaci\\u00f3n Standard Bank, Buenos Aires<\\\/span><\\\/li><li><i><span style=\\\"font-weight: 400;\\\">Concurso 50\\u00ba Aniversario Fondo Nacional de las Artes. Premio a las artes visuales, <\\\/span><\\\/i><span style=\\\"font-weight: 400;\\\">Fondo Nacional de las Artes, Buenos Aires.<\\\/span><\\\/li><li><i><span style=\\\"font-weight: 400;\\\">Living, <\\\/span><\\\/i><span style=\\\"font-weight: 400;\\\">Centro Cultural Parque de Espa\\u00f1a, Rosario<\\\/span><\\\/li><\\\/ul><p>\\u00a0<\\\/p><p><strong>2007 <\\\/strong><\\\/p><ul><li><i><span style=\\\"font-weight: 400;\\\">La Espiral de Moebius o los l\\u00edmites de la pintura<\\\/span><\\\/i><span style=\\\"font-weight: 400;\\\">, Centro Cultural Parque de Espa\\u00f1a, Rosario<\\\/span><\\\/li><li><i><span style=\\\"font-weight: 400;\\\">Los Pintores Amigos<\\\/span><\\\/i><span style=\\\"font-weight: 400;\\\">, Museo Diario La Capital, Rosario<\\\/span><\\\/li><li><i><span style=\\\"font-weight: 400;\\\">Bajo La Lluvia Ajena<\\\/span><\\\/i><span style=\\\"font-weight: 400;\\\">, Museo de la Memoria, Rosario<\\\/span><\\\/li><li><span style=\\\"font-weight: 400;\\\">Galer\\u00eda Animal, ArteBA, Buenos Aires<\\\/span><\\\/li><\\\/ul><p>\\u00a0<\\\/p><p><strong>2006<\\\/strong><\\\/p><ul><li><span style=\\\"font-weight: 400;\\\">\\u00a0<\\\/span><i><span style=\\\"font-weight: 400;\\\">\\u00bfPor Qu\\u00e9 Pintura?<\\\/span><\\\/i><span style=\\\"font-weight: 400;\\\">, Fondo Nacional de las Artes, Buenos Aires<\\\/span><\\\/li><li><i><span style=\\\"font-weight: 400;\\\">Herederos Del Pop (Da Rin &#8211; El Azem &#8211; Garc\\u00eda)<\\\/span><\\\/i><span style=\\\"font-weight: 400;\\\">, Galer\\u00eda Animal, Santiago, Chile<\\\/span><\\\/li><li><i><span style=\\\"font-weight: 400;\\\">Robot Ludens<\\\/span><\\\/i><span style=\\\"font-weight: 400;\\\">, Centro Cultural de Espa\\u00f1a en Buenos Aires<\\\/span><\\\/li><li>\\u00a0<\\\/li><\\\/ul><p>\\u00a0<\\\/p><p><strong>2005\\u00a0<\\\/strong><\\\/p><ul><li><i><span style=\\\"font-weight: 400;\\\">2D<\\\/span><\\\/i><span style=\\\"font-weight: 400;\\\">, Centro Cultural Parque de Espa\\u00f1a, Rosario.<\\\/span><\\\/li><li><i><span style=\\\"font-weight: 400;\\\">Verano 2005<\\\/span><\\\/i><span style=\\\"font-weight: 400;\\\">, Galer\\u00eda Ruth Benzacar, Buenos Aires.<\\\/span><\\\/li><\\\/ul><p>\\u00a0<\\\/p><p><strong>2004 <\\\/strong><\\\/p><ul><li><span style=\\\"font-weight: 400;\\\">Galer\\u00eda Ruth Benzacar, ARCO, Madrid.<\\\/span><\\\/li><li><span style=\\\"font-weight: 400;\\\">Galer\\u00eda Ruth Benzacar, ArteBA, Buenos Aires.<\\\/span><\\\/li><\\\/ul><p>\\u00a0<\\\/p><p><strong>2003<\\\/strong><\\\/p><ul><li><span style=\\\"font-weight: 400;\\\">Galer\\u00eda Ruth Benzacar, ArteBA, Buenos Aires.<\\\/span><\\\/li><\\\/ul><p>\\u00a0<\\\/p><p><strong>2002<\\\/strong><\\\/p><ul><li><i><span style=\\\"font-weight: 400;\\\">De Ponta-Cabe\\u00e7a, I Bienal de Fortaleza<\\\/span><\\\/i><span style=\\\"font-weight: 400;\\\">, Fortaleza, Brasil.<\\\/span><\\\/li><li><i><span style=\\\"font-weight: 400;\\\">II Bienal Internacional de Buenos Aires<\\\/span><\\\/i><span style=\\\"font-weight: 400;\\\">, MNBA, Buenos Aires<\\\/span><\\\/li><li><i><span style=\\\"font-weight: 400;\\\">In Memory:The Art of Afterwards<\\\/span><\\\/i><span style=\\\"font-weight: 400;\\\">, Mishkin Gallery, New York.<\\\/span><\\\/li><li><i><span style=\\\"font-weight: 400;\\\">Trueque, <\\\/span><\\\/i><span style=\\\"font-weight: 400;\\\">Museo Juan B. Castagnino, Rosario.<\\\/span><\\\/li><li><i><span style=\\\"font-weight: 400;\\\">Club del Dibujo<\\\/span><\\\/i><span style=\\\"font-weight: 400;\\\">, Teatro Auditorium, Centro de las Artes. Mar del Plata, Argentina.<\\\/span><\\\/li><li><i><span style=\\\"font-weight: 400;\\\">En Cent\\u00edmetros<\\\/span><\\\/i><span style=\\\"font-weight: 400;\\\">, Galer\\u00eda Fernando Pradilla, Madrid.<\\\/span><\\\/li><li><i><span style=\\\"font-weight: 400;\\\">Arte de Am\\u00e9rica Latina<\\\/span><\\\/i><span style=\\\"font-weight: 400;\\\">, Galer\\u00eda Luc\\u00eda de la Puente, Lima.<\\\/span><\\\/li><\\\/ul><p>\\u00a0<\\\/p><p><strong>2001<\\\/strong><\\\/p><ul><li><i><span style=\\\"font-weight: 400;\\\">Pintura Argentina, Artistas Contempor\\u00e1neos<\\\/span><\\\/i><span style=\\\"font-weight: 400;\\\">, Museo Nacional de Bellas Artes,<\\\/span><span style=\\\"font-weight: 400;\\\">Buenos Aires<\\\/span><\\\/li><li><i><span style=\\\"font-weight: 400;\\\">Ahora Iberoam\\u00e9rica<\\\/span><\\\/i><span style=\\\"font-weight: 400;\\\">, Galer\\u00eda Fernando Pradilla, Madrid.<\\\/span><\\\/li><li><i><span style=\\\"font-weight: 400;\\\">Veinte Pintores Rosarinos Contempor\\u00e1neos<\\\/span><\\\/i><span style=\\\"font-weight: 400;\\\">, Museo Castagnino, Rosario<\\\/span><\\\/li><li><i><span style=\\\"font-weight: 400;\\\">Cultural Chandon<\\\/span><\\\/i><span style=\\\"font-weight: 400;\\\">, Museo Castagnino, Rosario<\\\/span><\\\/li><\\\/ul><p>\\u00a0<\\\/p><p><strong>2000<\\\/strong><\\\/p><ul><li><i><span style=\\\"font-weight: 400;\\\">I Bienal Internacional de Buenos Aires<\\\/span><\\\/i><span style=\\\"font-weight: 400;\\\">, MNBA, Buenos Aires<\\\/span><\\\/li><li><i><span style=\\\"font-weight: 400;\\\">Group Show<\\\/span><\\\/i><span style=\\\"font-weight: 400;\\\">, Galer\\u00eda Ramis Barquet, New York, USA<\\\/span><\\\/li><li><span style=\\\"font-weight: 400;\\\">Galer\\u00eda Ramis Barquet, ARCO, Madrid.<\\\/span><\\\/li><li><i><span style=\\\"font-weight: 400;\\\">\\u00a0El horizonte se corre diez pasos m\\u00e1s ac\\u00e1<\\\/span><\\\/i><span style=\\\"font-weight: 400;\\\">, Bryggens Museum, Bergen, Noruega.<\\\/span><\\\/li><li><i><span style=\\\"font-weight: 400;\\\">34 ARC<\\\/span><\\\/i><span style=\\\"font-weight: 400;\\\">, Museo de Bellas Artes Juan B. Castagnino, Rosario.<\\\/span><\\\/li><li><i><span style=\\\"font-weight: 400;\\\"> II Bienal del Mercosur<\\\/span><\\\/i><span style=\\\"font-weight: 400;\\\">, Porto Alegre, Brasil.<\\\/span><\\\/li><li><i><span style=\\\"font-weight: 400;\\\"> Siglo XX Argentino, Arte y Cultura<\\\/span><\\\/i><span style=\\\"font-weight: 400;\\\">, Centro Cultural Recoleta, Buenos Aires<\\\/span><\\\/li><li><i><span style=\\\"font-weight: 400;\\\">The Eye of the Millenium: Art of the Americas<\\\/span><\\\/i><span style=\\\"font-weight: 400;\\\">, Art Museum of the Americas, <\\\/span>Washington.\\u00a0<\\\/li><li><i><span style=\\\"font-weight: 400;\\\">El Ojo del Milenio: Arte de las Am\\u00e9ricas<\\\/span><\\\/i><span style=\\\"font-weight: 400;\\\">, Sala Cronopios, Centro Cultural <\\\/span>Recoleta, Buenos Aires.<\\\/li><li><i><span style=\\\"font-weight: 400;\\\">Am\\u00e9rica Latina: das vanguardas ao fin do mil\\u00e9nio<\\\/span><\\\/i><span style=\\\"font-weight: 400;\\\">, Culturgest, Lisboa, Portugal.<\\\/span><\\\/li><li><span style=\\\"font-weight: 400;\\\">Galer\\u00eda Ruth Benzacar, FIAC, Par\\u00eds, Francia.<\\\/span><\\\/li><li><span style=\\\"font-weight: 400;\\\">Galer\\u00eda OMR, FIAC, Par\\u00eds, Francia.<\\\/span><\\\/li><li><span style=\\\"font-weight: 400;\\\">Galer\\u00eda Ruth Benzacar, ARCO, Madrid.<\\\/span><\\\/li><li><i><span style=\\\"font-weight: 400;\\\">Arte Argentino Contempor\\u00e1neo<\\\/span><\\\/i><span style=\\\"font-weight: 400;\\\">, Centro Cultural Parque de Espa\\u00f1a, Rosario, <\\\/span>Argentina.<\\\/li><li><span style=\\\"font-weight: 400;\\\">VI Bienal de La Habana, Cuba.<\\\/span><\\\/li><li><span style=\\\"font-weight: 400;\\\"> 47\\u00ba Bienal de Venecia, Italia.<\\\/span><\\\/li><li><span style=\\\"font-weight: 400;\\\"> 1\\u00ba Bienal del Mercosur, Porto Alegre, Brasil.<\\\/span><\\\/li><li><i><span>Cuatro aspectos de la pintura argentina contempor\\u00e1nea<\\\/span><\\\/i><span>, Fondo Nacional de las Artes, ARCO\\u201997, Madrid.<\\\/span><\\\/li><\\\/ul><p>\\u00a0<\\\/p><p><strong>1996<\\\/strong><\\\/p><ul><li><i><span style=\\\"font-weight: 400;\\\">Garc\\u00eda, Gonz\\u00e1lez Perr\\u00edn, De Sagastiz\\u00e1bal<\\\/span><\\\/i><span style=\\\"font-weight: 400;\\\">, Museo de Arte Americano, Maldonado, <\\\/span><span style=\\\"font-weight: 400;\\\">Uruguay.<\\\/span><\\\/li><li><i><span style=\\\"font-weight: 400;\\\">Am\\u00e9rica Latina \\u201996<\\\/span><\\\/i><span style=\\\"font-weight: 400;\\\">, Museo Nacional de Bellas Artes, Buenos Aires.<\\\/span><\\\/li><li><i><span style=\\\"font-weight: 400;\\\">70-80-90<\\\/span><\\\/i><span style=\\\"font-weight: 400;\\\">, Centro Cultural Borges, Buenos Aires.<\\\/span><\\\/li><li><i><span style=\\\"font-weight: 400;\\\">La Ciudad Agredida<\\\/span><\\\/i><span style=\\\"font-weight: 400;\\\">, Museo Nacional de Bellas Artes, Buenos Aires.<\\\/span><\\\/li><li><i><span style=\\\"font-weight: 400;\\\">El Objeto de los Noventa<\\\/span><\\\/i><span style=\\\"font-weight: 400;\\\">, Museo Castagnino, Rosario.<\\\/span><\\\/li><li><i><span style=\\\"font-weight: 400;\\\">70-80-90<\\\/span><\\\/i><span style=\\\"font-weight: 400;\\\">, Museo Nacional de Bellas Artes, Buenos Aires.<\\\/span><\\\/li><li><i><span style=\\\"font-weight: 400;\\\">Premio Deutsche Bank,<\\\/span><\\\/i><span style=\\\"font-weight: 400;\\\"> Buenos Aires [primera menci\\u00f3n]<\\\/span><\\\/li><li><i><span style=\\\"font-weight: 400;\\\">El Objeto de los noventa,<\\\/span><\\\/i><span style=\\\"font-weight: 400;\\\"> Museo Juan B. Castagnino, Rosario.<\\\/span><\\\/li><li><i><span style=\\\"font-weight: 400;\\\">Premio Telecom Argentina,<\\\/span><\\\/i><span style=\\\"font-weight: 400;\\\"> Salas Nacionales de Cultura, Buenos Aires.<\\\/span><\\\/li><li><i><span style=\\\"font-weight: 400;\\\">La Pasi\\u00f3n de Pintar<\\\/span><\\\/i><span style=\\\"font-weight: 400;\\\">, Galer\\u00eda Ruth Benzacar, Buenos Aires.<\\\/span><\\\/li><li><i><span style=\\\"font-weight: 400;\\\">Peque\\u00f1o Formato Latinoamericano<\\\/span><\\\/i><span style=\\\"font-weight: 400;\\\">, Luigi Marrozzini Gallery, San Juan de <\\\/span>Puerto Rico.\\u00a0\\u00a0<\\\/li><\\\/ul><p>\\u00a0<\\\/p><p><strong>1993<\\\/strong><\\\/p><ul><li><i><span style=\\\"font-weight: 400;\\\">PICTORICA<\\\/span><\\\/i><span style=\\\"font-weight: 400;\\\">, Art Museum of the Americas, Washington, Estados Unidos.<\\\/span><\\\/li><li><i><span style=\\\"font-weight: 400;\\\"> De La Tierra del Fuego al Otro Polo, 7 artistas argentinos contempor\\u00e1neos<\\\/span><\\\/i><span style=\\\"font-weight: 400;\\\">, <\\\/span>Galer\\u00eda Arte Actual Mexicano, Monterrey, M\\u00e9xico.<\\\/li><li><i><span style=\\\"font-weight: 400;\\\">PICTORICA<\\\/span><\\\/i><span style=\\\"font-weight: 400;\\\">, G.R. N\\u2019Namdi Gallery, Birmingham, Mi, Estados Unidos.<\\\/span><\\\/li><li><span style=\\\"font-weight: 400;\\\">Premio G\\u00fcnther, CAYC, Buenos Aires.<\\\/span><\\\/li><li><span style=\\\"font-weight: 400;\\\">Sal\\u00f3n Municipal Manuel Belgrano, Buenos Aires.<\\\/span><\\\/li><li><span style=\\\"font-weight: 400;\\\">Premio al Arte Joven Argentino, Deutsche Bank, Museo de Arte Moderno, Buenos Aires.<\\\/span><\\\/li><li><i><span style=\\\"font-weight: 400;\\\">PICTORICA<\\\/span><\\\/i><span style=\\\"font-weight: 400;\\\">, Centro Cultural Villa Ocampo, Mar del Plata.<\\\/span><\\\/li><li><i><span style=\\\"font-weight: 400;\\\">La Conquista (500 a\\u00f1os \\u2013 40 artistas)<\\\/span><\\\/i><span style=\\\"font-weight: 400;\\\">, Centro Cultural Recoleta, Buenos Aires.<\\\/span><\\\/li><li><i><span style=\\\"font-weight: 400;\\\">De Puerto a Puerto<\\\/span><\\\/i><span style=\\\"font-weight: 400;\\\">, Museo de Bellas Artes de Bah\\u00eda Blanca.<\\\/span><\\\/li><li><i><span>Premio Fundaci\\u00f3n Nuevo Mundo<\\\/span><\\\/i><span>, Museo Nacional de Bellas Artes, Buenos Aires.<\\\/span><\\\/li><li><i><span style=\\\"font-weight: 400;\\\">Festival Les Allum\\u00e8es<\\\/span><\\\/i><span style=\\\"font-weight: 400;\\\">, Nantes, Francia.<\\\/span><\\\/li><li><i><span>Premio Fundaci\\u00f3n Nuevo Mundo<\\\/span><\\\/i><span>, Museo Nacional de Bellas Artes, Buenos Aires. <\\\/span><\\\/li><li><i><span>Urban Argentine Art, <\\\/span><\\\/i><span>Michael Leonard &amp; Asoc., New York, Estados Unidos.<\\\/span><\\\/li><\\\/ul><p>\\u00a0<\\\/p><p><strong>1991 \\u00a0<\\\/strong><\\\/p><ul><li><i><span style=\\\"font-weight: 400;\\\">Premio Braque<\\\/span><\\\/i><span style=\\\"font-weight: 400;\\\">, Museo de Arte Moderno, Buenos Aires. [primera menci\\u00f3n]<\\\/span><\\\/li><li><i><span style=\\\"font-weight: 400;\\\">Premio Gunther,<\\\/span><\\\/i><span style=\\\"font-weight: 400;\\\"> CAYC, Buenos Aires.<\\\/span><\\\/li><li><i><span style=\\\"font-weight: 400;\\\">Premio Joven Pintura Argentina,<\\\/span><\\\/i><span style=\\\"font-weight: 400;\\\"> Fundaci\\u00f3n Fortabat, Buenos Aires.<\\\/span><\\\/li><li><i><span style=\\\"font-weight: 400;\\\">Premio Fundaci\\u00f3n Nuevo Mundo<\\\/span><\\\/i><span style=\\\"font-weight: 400;\\\">, Museo Nacional de Bellas Artes, Buenos Aires.\\u00a0<\\\/span><\\\/li><\\\/ul><p>\\u00a0<\\\/p><p><strong>1990<\\\/strong><\\\/p><ul><li><i>No al indulto<\\\/i>, Muestra de arte postal, Centro Cultural Rivadavia, Rosario.<\\\/li><li><i>Caprile, Del R\\u00edo, Garc\\u00eda, Gonz\\u00e1lez Su\\u00e1rez, P\\u00e9rez<\\\/i>, Librer\\u00eda HomoSapiens, Rosario.<\\\/li><li><i>TOMARTE<\\\/i>, Bienal Alternativa, Rosario.<\\\/li><\\\/ul><p>\\u00a0<\\\/p><p><strong>1989<\\\/strong><\\\/p><ul><li><span style=\\\"font-weight: 400;\\\">Sal\\u00f3n Nacional de Rosario, Museo Juan B. Castagnino, Rosario.<\\\/span><\\\/li><li><i><span style=\\\"font-weight: 400;\\\">La escritura de lo visible: Pizarrones para armar<\\\/span><\\\/i><span style=\\\"font-weight: 400;\\\">, acci\\u00f3n y videoinstalaci\\u00f3n con participaci\\u00f3n del p\\u00fablico, junto con G. Gonz\\u00e1lez Su\\u00e1rez, Centro Cultural Rivadavia, Rosario.<\\\/span><\\\/li><li><span style=\\\"font-weight: 400;\\\">Sal\\u00f3n Anual, Santa Fe.<\\\/span><\\\/li><li><span style=\\\"font-weight: 400;\\\">Sal\\u00f3n Nacional de Rosario, Museo Juan B. Castagnino, Rosario. (Menci\\u00f3n Honor\\u00edfica)<\\\/span><\\\/li><\\\/ul><p>\\u00a0<\\\/p><p><strong>1987 <\\\/strong>\\u00a0<\\\/p><ul><li><i>Premio Jockey Club,<\\\/i> Sal\\u00f3n Anual de Santa Fe.<\\\/li><li><i>Premio Canal 13 de Santa Fe,<\\\/i> Sal\\u00f3n de aspirantes a beca, Santa Fe.<\\\/li><li>Sal\\u00f3n Nacional de Rosario, Museo Juan B. Castagnino, Rosario.<\\\/li><li>Sal\\u00f3n Anual de Aspirantes a Beca, Museo Rosa Galisteo de Rodr\\u00edguez, Rosario.<\\\/li><\\\/ul><p>\\u00a0<\\\/p><p><strong>1985<\\\/strong><\\\/p><ul><li><i><span style=\\\"font-weight: 400;\\\">Libroobjetos<\\\/span><\\\/i><span style=\\\"font-weight: 400;\\\">, Galer\\u00eda Mir\\u00f3, Rosario (junto a Gabriel Gonz\\u00e1lez Su\\u00e1rez)<\\\/span><\\\/li><\\\/ul><p>\\u00a0<\\\/p><p><strong>1984<\\\/strong><\\\/p><ul><li><i><span style=\\\"font-weight: 400;\\\">Garc\\u00eda, Marcaccio, Sambucety<\\\/span><\\\/i><span style=\\\"font-weight: 400;\\\">, Sala de exposiciones de FATA, Rosario.<\\\/span><\\\/li><li><span style=\\\"font-weight: 400;\\\">3er Sal\\u00f3n de Becarios, Museo Juan B. Castagnino, Rosario.<\\\/span><\\\/li><li><span style=\\\"font-weight: 400;\\\">Sal\\u00f3n Artistas Rosarinos.<\\\/span><\\\/li><li><span style=\\\"font-weight: 400;\\\">Sal\\u00f3n Anual de Santa Fe.<\\\/span><\\\/li><li><i><span style=\\\"font-weight: 400;\\\">Rosarinos en Buenos Aires (Chirife, Garc\\u00eda, Marcaccio, Prieto, Sacco)<\\\/span><\\\/i><span style=\\\"font-weight: 400;\\\">, Fundaci\\u00f3n Arche, Buenos Aires.<\\\/span><\\\/li><li><span style=\\\"font-weight: 400;\\\">\\u00a0Sal\\u00f3n Anual de Santa Fe.<\\\/span><\\\/li><li><span style=\\\"font-weight: 400;\\\">Premio Arcien, Santa Fe.<\\\/span><\\\/li><li><span style=\\\"font-weight: 400;\\\">Premio ESSO de Grabado y Pintura, Museo Eduardo S\\u00edvori, Buenos Aires.<\\\/span><\\\/li><li><span style=\\\"font-weight: 400;\\\">Premio Fundaci\\u00f3n Lan\\u00fas, Fondo Nacional de las Artes, Buenos Aires.\\u00a0<\\\/span><\\\/li><\\\/ul><p>\\u00a0<\\\/p><p><strong>1982<\\\/strong><\\\/p><ul><li><span style=\\\"font-weight: 400;\\\">Sal\\u00f3n de Artistas Rosarinos, Museo Juan B. Castagnino, Rosario.<\\\/span><\\\/li><li><span style=\\\"font-weight: 400;\\\">Sal\\u00f3n Nacional de Rosario, Museo Juan B. Castagnino, Rosario.<\\\/span><\\\/li><li><span style=\\\"font-weight: 400;\\\">Museo Municipal de Artes Visuales Sor Josefa D\\u00edaz y Clucellas, Santa Fe.<\\\/span><\\\/li><\\\/ul><p>\\u00a0<\\\/p><p><strong>1981<\\\/strong><\\\/p><ul><li><span style=\\\"font-weight: 400;\\\">Sal\\u00f3n de Artistas Pl\\u00e1sticos Rosarinos, Museo Juan B. Castagnino, Rosario.<\\\/span><\\\/li><li><span style=\\\"font-weight: 400;\\\">Sal\\u00f3n Anual de Santa Fe, Museo Rosa Galisteo de Rodr\\u00edguez. <\\\/span><\\\/li><\\\/ul>\"}},{\"@type\":\"Question\",\"name\":\"Premios (selecci\\u00f3n)\",\"acceptedAnswer\":{\"@type\":\"Answer\",\"text\":\"<p><b>2021<\\\/b><\\\/p><ul><li><i><span style=\\\"font-weight: 400;\\\">Segundo premio, secci\\u00f3n pintura<\\\/span><\\\/i><span style=\\\"font-weight: 400;\\\">, Sal\\u00f3n Nacional de Artes Visuales, Buenos Aires <\\\/span><\\\/li><\\\/ul><p>\\u00a0<\\\/p><p><b>2019<\\\/b><\\\/p><ul><li><i><span style=\\\"font-weight: 400;\\\">Premio en Obras Bidimensionales, Secci\\u00f3n Pintura<\\\/span><\\\/i><span style=\\\"font-weight: 400;\\\">,<\\\/span> <span style=\\\"font-weight: 400;\\\">Concurso de Artes Visuales 2018, Fondo Nacional de las Artes, Buenos Aires <\\\/span><\\\/li><li><i><span style=\\\"font-weight: 400;\\\">Mejor Arte de Tapa<\\\/span><\\\/i><span style=\\\"font-weight: 400;\\\">, Premios Rosario Edita 2018, Rosario<\\\/span><\\\/li><\\\/ul><p>\\u00a0<\\\/p><p><b>2008<\\\/b><\\\/p><ul><li><i><span style=\\\"font-weight: 400;\\\">Premio Fondo Nacional de las Artes a las Artes Pl\\u00e1sticas<\\\/span><\\\/i><span style=\\\"font-weight: 400;\\\">, Buenos Aires<\\\/span><\\\/li><\\\/ul><p>\\u00a0<\\\/p><p><b>2002<\\\/b><\\\/p><ul><li><i><span style=\\\"font-weight: 400;\\\">Diploma al M\\u00e9rito<\\\/span><\\\/i><span style=\\\"font-weight: 400;\\\">, Fundaci\\u00f3n Konex, Buenos Aires\\u2022 <\\\/span><i><span style=\\\"font-weight: 400;\\\">Konex de Platino<\\\/span><\\\/i><span style=\\\"font-weight: 400;\\\">, Fundaci\\u00f3n Konex, Buenos Aires. <\\\/span><\\\/li><\\\/ul><p>\\u00a0<\\\/p><p><b>2001<\\\/b><\\\/p><ul><li><i><span style=\\\"font-weight: 400;\\\">3\\u00ba Premio<\\\/span><\\\/i><span style=\\\"font-weight: 400;\\\"> Sal\\u00f3n Nacional de Rosario, Museo Juan B. Castagnino. <\\\/span><\\\/li><\\\/ul><p>\\u00a0<\\\/p><p><b>1997<\\\/b><\\\/p><ul><li><span style=\\\"font-weight: 400;\\\">\\u2022 <\\\/span><i><span style=\\\"font-weight: 400;\\\">Segundo Premio adquisici\\u00f3n<\\\/span><\\\/i><span style=\\\"font-weight: 400;\\\">, Premios Colecci\\u00f3n Costantini, MNBA. <\\\/span><\\\/li><\\\/ul><p>\\u00a0<\\\/p><p><b>1996<\\\/b><\\\/p><ul><li><i><span style=\\\"font-weight: 400;\\\">Primer premio<\\\/span><\\\/i><span style=\\\"font-weight: 400;\\\">, Premio Austria, MNBA <\\\/span><\\\/li><li><i><span style=\\\"font-weight: 400;\\\">Artista joven del a\\u00f1o 1995<\\\/span><\\\/i><span style=\\\"font-weight: 400;\\\"> Asociaci\\u00f3n Argentina de Cr\\u00edticos de Arte, Buenos Aires <\\\/span><\\\/li><li><i><span style=\\\"font-weight: 400;\\\">Primer Premio Regional<\\\/span><\\\/i><span style=\\\"font-weight: 400;\\\">, Premios Fundaci\\u00f3n Mayorazgo, MNBA. <\\\/span><\\\/li><\\\/ul><p>\\u00a0<\\\/p><p><b>1994<\\\/b><\\\/p><ul><li><i><span style=\\\"font-weight: 400;\\\">Beca a la Creaci\\u00f3n Art\\u00edstica<\\\/span><\\\/i><span style=\\\"font-weight: 400;\\\">, Fundaci\\u00f3n Antorchas, Buenos Aires. <\\\/span><\\\/li><li><i><span style=\\\"font-weight: 400;\\\">Primer Premio de Premiados<\\\/span><\\\/i><span style=\\\"font-weight: 400;\\\">, Fundaci\\u00f3n Nuevo Mundo, MNBA.<\\\/span><\\\/li><\\\/ul><p>\\u00a0<\\\/p><p><b>1993<\\\/b><\\\/p><ul><li><i><span style=\\\"font-weight: 400;\\\">2\\u00ba Premio<\\\/span><\\\/i><span style=\\\"font-weight: 400;\\\">, Premio Gunther, CAYC, Buenos Aires. <\\\/span><\\\/li><\\\/ul><p>\\u00a0<\\\/p><p><b>1992<\\\/b><\\\/p><ul><li><i><span style=\\\"font-weight: 400;\\\">Premio Especial<\\\/span><\\\/i><span style=\\\"font-weight: 400;\\\">, Premio Fundaci\\u00f3n Nuevo Mundo, Buenos Aires. <\\\/span><\\\/li><\\\/ul><p>\\u00a0<\\\/p><p><b>1991<\\\/b><\\\/p><ul><li><i><span style=\\\"font-weight: 400;\\\">2\\u00ba Premio, <\\\/span><\\\/i><span style=\\\"font-weight: 400;\\\">Premio Braque, Museo de Arte Moderno, Buenos Aires. <\\\/span><b><\\\/b><\\\/li><\\\/ul><p>\\u00a0<\\\/p><p><b>1988<\\\/b><\\\/p><ul><li><i><span style=\\\"font-weight: 400;\\\">Menci\\u00f3n Honor\\u00edfica, <\\\/span><\\\/i><span style=\\\"font-weight: 400;\\\">Sal\\u00f3n Nacional de Rosario, Museo Juan B. Castagnino. <\\\/span><\\\/li><\\\/ul><p>\\u00a0<\\\/p><p><b>1987<\\\/b><\\\/p><ul><li><span style=\\\"font-weight: 400;\\\">Premio Jockey Club, Sal\\u00f3n Anual de Santa Fe, Museo Rosa Galisteo de Rodriguez <\\\/span><\\\/li><li><span style=\\\"font-weight: 400;\\\">Premio Canal 13, Sal\\u00f3n de aspirantes a Beca, Museo Rosa Galisteo de Rodriguez, Santa Fe. <\\\/span><\\\/li><\\\/ul><p>\\u00a0<\\\/p><p><b>1982<\\\/b><\\\/p><ul><li><span style=\\\"font-weight: 400;\\\">Beca Secci\\u00f3n Dibujo, Sal\\u00f3n de Artistas Rosarinos, Museo Juan B. Castagnino. <\\\/span><\\\/li><\\\/ul><p>\\u00a0<\\\/p><p><b>1981<\\\/b><\\\/p><ul><li><span style=\\\"font-weight: 400;\\\">\\u00a02\\u00ba Premio Secci\\u00f3n Dibujo, Sal\\u00f3n de Artistas Rosarinos, Museo Juan B. Castagnino.<\\\/span><\\\/li><\\\/ul>\"}},{\"@type\":\"Question\",\"name\":\"Residencias\",\"acceptedAnswer\":{\"@type\":\"Answer\",\"text\":\"<p><strong>1994<\\\/strong><\\\/p><ul><li><span style=\\\"font-weight: 400;\\\">Residencia temporaria en los Estudios Pontoise, Centre d\\u2019 Art D\\u2019 Herblay, Francia. <\\\/span><\\\/li><\\\/ul>\"}},{\"@type\":\"Question\",\"name\":\"Libros publicados\",\"acceptedAnswer\":{\"@type\":\"Answer\",\"text\":\"<p><strong>2020<\\\/strong><\\\/p><ul><li><i><span style=\\\"font-weight: 400;\\\">Algunas flores<\\\/span><\\\/i><span style=\\\"font-weight: 400;\\\">. Gilda Di Crosta y Daniel Garc\\u00eda. Editorial Ivan Rosado, Rosario<\\\/span><\\\/li><\\\/ul><p><strong>2015<\\\/strong><\\\/p><ul><li><i><span style=\\\"font-weight: 400;\\\">Bandido<\\\/span><\\\/i><span style=\\\"font-weight: 400;\\\">, Daniel Garc\\u00eda, Editorial Ivan Rosado, Rosario<\\\/span><\\\/li><\\\/ul><p>\\u00a0<\\\/p><p><strong>2014<\\\/strong><\\\/p><ul><li><i><span style=\\\"font-weight: 400;\\\">Un gato que camina solo<\\\/span><\\\/i><span style=\\\"font-weight: 400;\\\">, Daniel Garc\\u00eda, Editorial Ivan Rosado, Rosario<\\\/span><\\\/li><\\\/ul><p>\\u00a0<\\\/p><p><strong>2012<\\\/strong><\\\/p><p><i><span style=\\\"font-weight: 400;\\\">Casi boyitas<\\\/span><\\\/i><span style=\\\"font-weight: 400;\\\">, Gilda Di Crosta y Daniel Garc\\u00eda, Editorial Yo soy Gilda, Rosario<\\\/span><\\\/p><p>\\u00a0<\\\/p><p><span style=\\\"font-weight: 400;\\\">Desde 1991 hasta 2019 ha ilustrado regularmente las portadas de los libros de Beatriz Viterbo Editora de Rosario, as\\u00ed como ocasionalmente de otras editoriales (Bulk, Planeta, etc).<\\\/span><\\\/p>\"}},{\"@type\":\"Question\",\"name\":\"Colecciones\",\"acceptedAnswer\":{\"@type\":\"Answer\",\"text\":\"<p><span style=\\\"font-weight: 400;\\\">Hay obra de su autor\\u00eda en diversas colecciones p\\u00fablicas: Museo Castagnino+macro, Rosario; Museo Nacional de Bellas Artes, Buenos Aires; Malba, Museo de Arte Latinoamericano, Colecci\\u00f3n Costantini, Buenos Aires; Museo Emilio Caraffa, C\\u00f3rdoba; Museo Dr. Juan Ram\\u00f3n Vidal, Corrientes; Museo de Arte Contempor\\u00e1neo, Salta; Museo de Arte Contempor\\u00e1neo, Bah\\u00eda Blanca; Fondo Nacional de las Artes, Buenos Aires, y Hess Art Collection, Colom\\u00e9, Salta y Napa Valley, USA. <\\\/span><\\\/p>\"}}]}<\/script>\n\t\t\t\t\t<\/div>\n\t\t\t\t<\/div>\n\t\t\t\t<\/div>\n\t\t\t\t<div class=\"elementor-element elementor-element-4d06676 elementor-widget elementor-widget-html\" data-id=\"4d06676\" data-element_type=\"widget\" data-widget_type=\"html.default\">\n\t\t\t\t<div class=\"elementor-widget-container\">\n\t\t\t<script> \r\njQuery(document).ready(function($) { \r\nvar delay = 100; setTimeout(function() { \r\n$('.elementor-tab-title').removeClass('elementor-active');\r\n $('.elementor-tab-content').css('display', 'none'); }, delay); \r\n}); \r\n<\/script>\t\t<\/div>\n\t\t\t\t<\/div>\n\t\t\t\t\t<\/div>\n\t\t<\/div>\n\t\t\t\t\t\t\t<\/div>\n\t\t<\/section>\n\t\t\t\t<section class=\"elementor-section elementor-inner-section elementor-element elementor-element-49fccc38 elementor-section-full_width elementor-section-content-bottom elementor-section-height-default elementor-section-height-default\" data-id=\"49fccc38\" data-element_type=\"section\">\n\t\t\t\t\t\t<div class=\"elementor-container elementor-column-gap-no\">\n\t\t\t\t\t<div class=\"elementor-column elementor-col-100 elementor-inner-column elementor-element elementor-element-1554ea5b\" data-id=\"1554ea5b\" data-element_type=\"column\">\n\t\t\t<div class=\"elementor-widget-wrap\">\n\t\t\t\t\t\t\t\t\t<\/div>\n\t\t<\/div>\n\t\t\t\t\t\t\t<\/div>\n\t\t<\/section>\n\t\t\t\t\t\t\t<\/div>\n\t\t","protected":false},"excerpt":{"rendered":"<p>Blogger Vimeo Facebook-square Instagram Bandcamp Naci\u00f3 en Rosario, Argentina, en 1958. Mayormente autodidacta, en 1981 curs\u00f3 estudios sobre teor\u00eda del color con Eduardo Ser\u00f3n. Expone desde 1981. En 1984 integr\u00f3 el grupo APA Artistas Pl\u00e1sticos Asociados, de Rosario.Durante 1991 y 1992 asisti\u00f3 en Buenos Aires a un taller coordinado por Guillermo Kuitca becado por la [&hellip;]<\/p>\n","protected":false},"author":1,"featured_media":117,"parent":0,"menu_order":0,"comment_status":"closed","ping_status":"closed","template":"elementor_header_footer","meta":{"footnotes":""},"categories":[1],"tags":[],"class_list":["post-333","page","type-page","status-publish","has-post-thumbnail","hentry","category-uncategorized"],"_links":{"self":[{"href":"https:\/\/danielgarcia.ar\/index.php?rest_route=\/wp\/v2\/pages\/333","targetHints":{"allow":["GET"]}}],"collection":[{"href":"https:\/\/danielgarcia.ar\/index.php?rest_route=\/wp\/v2\/pages"}],"about":[{"href":"https:\/\/danielgarcia.ar\/index.php?rest_route=\/wp\/v2\/types\/page"}],"author":[{"embeddable":true,"href":"https:\/\/danielgarcia.ar\/index.php?rest_route=\/wp\/v2\/users\/1"}],"replies":[{"embeddable":true,"href":"https:\/\/danielgarcia.ar\/index.php?rest_route=%2Fwp%2Fv2%2Fcomments&post=333"}],"version-history":[{"count":111,"href":"https:\/\/danielgarcia.ar\/index.php?rest_route=\/wp\/v2\/pages\/333\/revisions"}],"predecessor-version":[{"id":1011,"href":"https:\/\/danielgarcia.ar\/index.php?rest_route=\/wp\/v2\/pages\/333\/revisions\/1011"}],"wp:featuredmedia":[{"embeddable":true,"href":"https:\/\/danielgarcia.ar\/index.php?rest_route=\/wp\/v2\/media\/117"}],"wp:attachment":[{"href":"https:\/\/danielgarcia.ar\/index.php?rest_route=%2Fwp%2Fv2%2Fmedia&parent=333"}],"wp:term":[{"taxonomy":"category","embeddable":true,"href":"https:\/\/danielgarcia.ar\/index.php?rest_route=%2Fwp%2Fv2%2Fcategories&post=333"},{"taxonomy":"post_tag","embeddable":true,"href":"https:\/\/danielgarcia.ar\/index.php?rest_route=%2Fwp%2Fv2%2Ftags&post=333"}],"curies":[{"name":"wp","href":"https:\/\/api.w.org\/{rel}","templated":true}]}}